{"id":488,"date":"2022-03-06T19:37:09","date_gmt":"2022-03-07T00:37:09","guid":{"rendered":"https:\/\/www.lrmm.com\/?page_id=488"},"modified":"2025-09-25T17:38:32","modified_gmt":"2025-09-25T21:38:32","slug":"comite-lrmm-au-fe-minin","status":"publish","type":"page","link":"https:\/\/www.lrmm.com\/fr\/cabinet\/lrmm-au-fe-minin\/comite-lrmm-au-fe-minin\/","title":{"rendered":"Comit\u00e9 LRMM au f\u00e9minin &#8211; inspirantes"},"content":{"rendered":"\n<p>Les membres du comit\u00e9 partagent leur pr\u00e9occupation et unissent leur forces et comp\u00e9tences afin de mettre en place des activit\u00e9s en lien avec la mission du comit\u00e9.<\/p>\n\n\n\n<p>Le comit\u00e9&nbsp;<strong>LRMM au f\u00e9minin<\/strong>&nbsp;est compos\u00e9 de: <\/p>\n\n\n\n<p><a href=\"https:\/\/www.lrmm.com\/fr\/e-quipe\/avocats\/fontaine-mireille\">Me Mireille Fontaine<\/a><\/p>\n\n\n\n<p><a href=\"https:\/\/www.lrmm.com\/fr\/e-quipe\/avocats\/avocat-tessier-he-le-ne\">Me H\u00e9l\u00e8ne B. Tessier<\/a><\/p>\n\n\n\n<p><a href=\"https:\/\/www.lrmm.com\/fr\/e-quipe\/avocats\/avocat-de-rose-julia\">Me Julia De Rose<\/a><\/p>\n\n\n\n<p><a href=\"https:\/\/www.lrmm.com\/fr\/e-quipe\/avocats\/alexa-charbonneau\">Me Alexa Charbonneau<\/a><\/p>\n\n\n\n<p><a href=\"https:\/\/www.lrmm.com\/fr\/e-quipe\/avocats\/touzin-laberge-alexandrine\">Me Alexandrine Touzin-Laberge<\/a><\/p>\n\n\n\n<p><a href=\"https:\/\/www.lrmm.com\/fr\/e-quipe\/notaires\/notaire-afram-cindy\">Cindy Afram<\/a><\/p>\n\n\n\n<p><\/p>\n","protected":false},"excerpt":{"rendered":"<p>Les membres du comit\u00e9 partagent leur pr\u00e9occupation et unissent leur forces et comp\u00e9tences afin de mettre en place des activit\u00e9s en lien avec la mission du comit\u00e9. Le comit\u00e9&nbsp;LRMM au f\u00e9minin&nbsp;est compos\u00e9 de: Me Mireille Fontaine Me H\u00e9l\u00e8ne B. Tessier Me Julia De Rose Me Alexa Charbonneau Me Alexandrine Touzin-Laberge Cindy Afram<\/p>\n","protected":false},"author":1,"featured_media":0,"parent":480,"menu_order":0,"comment_status":"closed","ping_status":"closed","template":"","meta":{"_acf_changed":false,"footnotes":""},"class_list":["post-488","page","type-page","status-publish","hentry"],"acf":[],"yoast_head":"<!-- This site is optimized with the Yoast SEO plugin v26.9 - https:\/\/yoast.com\/product\/yoast-seo-wordpress\/ -->\n<title>Comit\u00e9 LRMM au f\u00e9minin - inspirantes - Lapointe Rosenstein Marchand Melan\u00e7on<\/title>\n<meta name=\"robots\" content=\"index, follow, max-snippet:-1, max-image-preview:large, max-video-preview:-1\" \/>\n<link rel=\"canonical\" href=\"https:\/\/www.lrmm.com\/fr\/cabinet\/lrmm-au-fe-minin\/comite-lrmm-au-fe-minin\/\" \/>\n<meta property=\"og:locale\" content=\"fr_CA\" \/>\n<meta property=\"og:type\" content=\"article\" \/>\n<meta property=\"og:title\" content=\"Comit\u00e9 LRMM au f\u00e9minin - inspirantes - Lapointe Rosenstein Marchand Melan\u00e7on\" \/>\n<meta property=\"og:description\" content=\"Les membres du comit\u00e9 partagent leur pr\u00e9occupation et unissent leur forces et comp\u00e9tences afin de mettre en place des activit\u00e9s en lien avec la mission du comit\u00e9. Le comit\u00e9&nbsp;LRMM au f\u00e9minin&nbsp;est compos\u00e9 de: Me Mireille Fontaine Me H\u00e9l\u00e8ne B. Tessier Me Julia De Rose Me Alexa Charbonneau Me Alexandrine Touzin-Laberge Cindy Afram\" \/>\n<meta property=\"og:url\" content=\"https:\/\/www.lrmm.com\/fr\/cabinet\/lrmm-au-fe-minin\/comite-lrmm-au-fe-minin\/\" \/>\n<meta property=\"og:site_name\" content=\"Lapointe Rosenstein Marchand Melan\u00e7on\" \/>\n<meta property=\"article:modified_time\" content=\"2025-09-25T21:38:32+00:00\" \/>\n<meta name=\"twitter:card\" content=\"summary_large_image\" \/>\n<meta name=\"twitter:label1\" content=\"Estimation du temps de lecture\" \/>\n\t<meta name=\"twitter:data1\" content=\"1 minute\" \/>\n<script type=\"application\/ld+json\" class=\"yoast-schema-graph\">{\"@context\":\"https:\/\/schema.org\",\"@graph\":[{\"@type\":\"WebPage\",\"@id\":\"https:\/\/www.lrmm.com\/fr\/cabinet\/lrmm-au-fe-minin\/comite-lrmm-au-fe-minin\/\",\"url\":\"https:\/\/www.lrmm.com\/fr\/cabinet\/lrmm-au-fe-minin\/comite-lrmm-au-fe-minin\/\",\"name\":\"Comit\u00e9 LRMM au f\u00e9minin - inspirantes - Lapointe Rosenstein Marchand Melan\u00e7on\",\"isPartOf\":{\"@id\":\"https:\/\/www.lrmm.com\/fr\/#website\"},\"datePublished\":\"2022-03-07T00:37:09+00:00\",\"dateModified\":\"2025-09-25T21:38:32+00:00\",\"breadcrumb\":{\"@id\":\"https:\/\/www.lrmm.com\/fr\/cabinet\/lrmm-au-fe-minin\/comite-lrmm-au-fe-minin\/#breadcrumb\"},\"inLanguage\":\"fr-CA\",\"potentialAction\":[{\"@type\":\"ReadAction\",\"target\":[\"https:\/\/www.lrmm.com\/fr\/cabinet\/lrmm-au-fe-minin\/comite-lrmm-au-fe-minin\/\"]}]},{\"@type\":\"BreadcrumbList\",\"@id\":\"https:\/\/www.lrmm.com\/fr\/cabinet\/lrmm-au-fe-minin\/comite-lrmm-au-fe-minin\/#breadcrumb\",\"itemListElement\":[{\"@type\":\"ListItem\",\"position\":1,\"name\":\"Accueil\",\"item\":\"https:\/\/www.lrmm.com\/fr\/\"},{\"@type\":\"ListItem\",\"position\":2,\"name\":\"Cabinet\",\"item\":\"https:\/\/www.lrmm.com\/fr\/cabinet\/\"},{\"@type\":\"ListItem\",\"position\":3,\"name\":\"LRMM au f\u00e9minin\",\"item\":\"https:\/\/www.lrmm.com\/fr\/cabinet\/lrmm-au-fe-minin\/\"},{\"@type\":\"ListItem\",\"position\":4,\"name\":\"Comit\u00e9 LRMM au f\u00e9minin &#8211; inspirantes\"}]},{\"@type\":\"WebSite\",\"@id\":\"https:\/\/www.lrmm.com\/fr\/#website\",\"url\":\"https:\/\/www.lrmm.com\/fr\/\",\"name\":\"Lapointe Rosenstein Marchand Melan\u00e7on\",\"description\":\"\",\"potentialAction\":[{\"@type\":\"SearchAction\",\"target\":{\"@type\":\"EntryPoint\",\"urlTemplate\":\"https:\/\/www.lrmm.com\/fr\/?s={search_term_string}\"},\"query-input\":{\"@type\":\"PropertyValueSpecification\",\"valueRequired\":true,\"valueName\":\"search_term_string\"}}],\"inLanguage\":\"fr-CA\"}]}<\/script>\n<!-- \/ Yoast SEO plugin. -->","yoast_head_json":{"title":"Comit\u00e9 LRMM au f\u00e9minin - inspirantes - Lapointe Rosenstein Marchand Melan\u00e7on","robots":{"index":"index","follow":"follow","max-snippet":"max-snippet:-1","max-image-preview":"max-image-preview:large","max-video-preview":"max-video-preview:-1"},"canonical":"https:\/\/www.lrmm.com\/fr\/cabinet\/lrmm-au-fe-minin\/comite-lrmm-au-fe-minin\/","og_locale":"fr_CA","og_type":"article","og_title":"Comit\u00e9 LRMM au f\u00e9minin - inspirantes - Lapointe Rosenstein Marchand Melan\u00e7on","og_description":"Les membres du comit\u00e9 partagent leur pr\u00e9occupation et unissent leur forces et comp\u00e9tences afin de mettre en place des activit\u00e9s en lien avec la mission du comit\u00e9. Le comit\u00e9&nbsp;LRMM au f\u00e9minin&nbsp;est compos\u00e9 de: Me Mireille Fontaine Me H\u00e9l\u00e8ne B. Tessier Me Julia De Rose Me Alexa Charbonneau Me Alexandrine Touzin-Laberge Cindy Afram","og_url":"https:\/\/www.lrmm.com\/fr\/cabinet\/lrmm-au-fe-minin\/comite-lrmm-au-fe-minin\/","og_site_name":"Lapointe Rosenstein Marchand Melan\u00e7on","article_modified_time":"2025-09-25T21:38:32+00:00","twitter_card":"summary_large_image","twitter_misc":{"Estimation du temps de lecture":"1 minute"},"schema":{"@context":"https:\/\/schema.org","@graph":[{"@type":"WebPage","@id":"https:\/\/www.lrmm.com\/fr\/cabinet\/lrmm-au-fe-minin\/comite-lrmm-au-fe-minin\/","url":"https:\/\/www.lrmm.com\/fr\/cabinet\/lrmm-au-fe-minin\/comite-lrmm-au-fe-minin\/","name":"Comit\u00e9 LRMM au f\u00e9minin - inspirantes - Lapointe Rosenstein Marchand Melan\u00e7on","isPartOf":{"@id":"https:\/\/www.lrmm.com\/fr\/#website"},"datePublished":"2022-03-07T00:37:09+00:00","dateModified":"2025-09-25T21:38:32+00:00","breadcrumb":{"@id":"https:\/\/www.lrmm.com\/fr\/cabinet\/lrmm-au-fe-minin\/comite-lrmm-au-fe-minin\/#breadcrumb"},"inLanguage":"fr-CA","potentialAction":[{"@type":"ReadAction","target":["https:\/\/www.lrmm.com\/fr\/cabinet\/lrmm-au-fe-minin\/comite-lrmm-au-fe-minin\/"]}]},{"@type":"BreadcrumbList","@id":"https:\/\/www.lrmm.com\/fr\/cabinet\/lrmm-au-fe-minin\/comite-lrmm-au-fe-minin\/#breadcrumb","itemListElement":[{"@type":"ListItem","position":1,"name":"Accueil","item":"https:\/\/www.lrmm.com\/fr\/"},{"@type":"ListItem","position":2,"name":"Cabinet","item":"https:\/\/www.lrmm.com\/fr\/cabinet\/"},{"@type":"ListItem","position":3,"name":"LRMM au f\u00e9minin","item":"https:\/\/www.lrmm.com\/fr\/cabinet\/lrmm-au-fe-minin\/"},{"@type":"ListItem","position":4,"name":"Comit\u00e9 LRMM au f\u00e9minin &#8211; inspirantes"}]},{"@type":"WebSite","@id":"https:\/\/www.lrmm.com\/fr\/#website","url":"https:\/\/www.lrmm.com\/fr\/","name":"Lapointe Rosenstein Marchand Melan\u00e7on","description":"","potentialAction":[{"@type":"SearchAction","target":{"@type":"EntryPoint","urlTemplate":"https:\/\/www.lrmm.com\/fr\/?s={search_term_string}"},"query-input":{"@type":"PropertyValueSpecification","valueRequired":true,"valueName":"search_term_string"}}],"inLanguage":"fr-CA"}]}},"_links":{"self":[{"href":"https:\/\/www.lrmm.com\/fr\/wp-json\/wp\/v2\/pages\/488","targetHints":{"allow":["GET"]}}],"collection":[{"href":"https:\/\/www.lrmm.com\/fr\/wp-json\/wp\/v2\/pages"}],"about":[{"href":"https:\/\/www.lrmm.com\/fr\/wp-json\/wp\/v2\/types\/page"}],"author":[{"embeddable":true,"href":"https:\/\/www.lrmm.com\/fr\/wp-json\/wp\/v2\/users\/1"}],"replies":[{"embeddable":true,"href":"https:\/\/www.lrmm.com\/fr\/wp-json\/wp\/v2\/comments?post=488"}],"version-history":[{"count":3,"href":"https:\/\/www.lrmm.com\/fr\/wp-json\/wp\/v2\/pages\/488\/revisions"}],"predecessor-version":[{"id":6378,"href":"https:\/\/www.lrmm.com\/fr\/wp-json\/wp\/v2\/pages\/488\/revisions\/6378"}],"up":[{"embeddable":true,"href":"https:\/\/www.lrmm.com\/fr\/wp-json\/wp\/v2\/pages\/480"}],"wp:attachment":[{"href":"https:\/\/www.lrmm.com\/fr\/wp-json\/wp\/v2\/media?parent=488"}],"curies":[{"name":"wp","href":"https:\/\/api.w.org\/{rel}","templated":true}]}}