{"id":699,"date":"2022-03-09T13:54:40","date_gmt":"2022-03-09T18:54:40","guid":{"rendered":"https:\/\/www.lrmm.com\/fr\/e-quipe\/avocat-roy-stephane\/"},"modified":"2022-05-24T10:13:55","modified_gmt":"2022-05-24T14:13:55","slug":"avocat-roy-ste-phane","status":"publish","type":"equipe","link":"https:\/\/www.lrmm.com\/fr\/e-quipe\/avocats\/avocat-roy-ste-phane","title":{"rendered":"Avocat Roy St\u00e9phane"},"content":{"rendered":"<p style=\"text-align: left\">St\u00e9phane Roy pratique dans le secteur Litiges civil et commercial et, plus particuli\u00e8rement dans le domaine du litige entre actionnaires, de la responsabilit\u00e9 des administrateurs et du litige en construction.<\/p>\n<p style=\"text-align: left\">Dans le cadre de sa pratique, il a \u00e9t\u00e9 appel\u00e9 \u00e0 faire de nombreuses repr\u00e9sentations devant les tribunaux de toutes les instances, tant civiles qu\u2019administratives. Il a repr\u00e9sent\u00e9 des clients importants en d\u00e9fense dans le cadre de recours collectifs, ce qui l\u2019a amen\u00e9 \u00e0 acqu\u00e9rir une expertise pointue dans ce domaine.<\/p>\n<p style=\"text-align: left\">St\u00e9phane a \u00e9t\u00e9 tr\u00e8s actif pendant plusieurs ann\u00e9es dans le Comit\u00e9 de l\u2019Association du Jeune Barreau de Montr\u00e9al. Il est responsable de la formation et de l\u2019encadrement des \u00e9tudiants et stagiaires.<\/p>\n","protected":false},"author":1,"featured_media":756,"menu_order":0,"template":"","meta":{"_acf_changed":false},"equipe_cat":[20],"class_list":["post-699","equipe","type-equipe","status-publish","has-post-thumbnail","hentry","equipe_cat-avocats"],"acf":[],"yoast_head":"<!-- This site is optimized with the Yoast SEO plugin v26.9 - https:\/\/yoast.com\/product\/yoast-seo-wordpress\/ -->\n<title>Avocat Roy St\u00e9phane - Lapointe Rosenstein Marchand Melan\u00e7on<\/title>\n<meta name=\"robots\" content=\"index, follow, max-snippet:-1, max-image-preview:large, max-video-preview:-1\" \/>\n<link rel=\"canonical\" href=\"https:\/\/www.lrmm.com\/fr\/e-quipe\/avocats\/avocat-roy-ste-phane\/\" \/>\n<meta property=\"og:locale\" content=\"fr_CA\" \/>\n<meta property=\"og:type\" content=\"article\" \/>\n<meta property=\"og:title\" content=\"Avocat Roy St\u00e9phane - Lapointe Rosenstein Marchand Melan\u00e7on\" \/>\n<meta property=\"og:description\" content=\"St\u00e9phane Roy pratique dans le secteur Litiges civil et commercial et, plus particuli\u00e8rement dans le domaine du litige entre actionnaires, de la responsabilit\u00e9 des administrateurs et du litige en construction. Dans le cadre de sa pratique, il a \u00e9t\u00e9 appel\u00e9 \u00e0 faire de nombreuses repr\u00e9sentations devant les tribunaux de toutes les instances, tant civiles qu\u2019administratives. [&hellip;]\" \/>\n<meta property=\"og:url\" content=\"https:\/\/www.lrmm.com\/fr\/e-quipe\/avocats\/avocat-roy-ste-phane\" \/>\n<meta property=\"og:site_name\" content=\"Lapointe Rosenstein Marchand Melan\u00e7on\" \/>\n<meta property=\"article:modified_time\" content=\"2022-05-24T14:13:55+00:00\" \/>\n<meta property=\"og:image\" content=\"https:\/\/www.lrmm.com\/wp-content\/uploads\/2022\/03\/imageResourcejsessionid3C6D7569F0AD3E497001550FEDD25AB7navId174partId20livetrueculturefr-CAimageType0imageNameRoy__Stephane_6970_WEB.jpg\" \/>\n\t<meta property=\"og:image:width\" content=\"157\" \/>\n\t<meta property=\"og:image:height\" content=\"157\" \/>\n\t<meta property=\"og:image:type\" content=\"image\/jpeg\" \/>\n<meta name=\"twitter:card\" content=\"summary_large_image\" \/>\n<meta name=\"twitter:label1\" content=\"Estimation du temps de lecture\" \/>\n\t<meta name=\"twitter:data1\" content=\"1 minute\" \/>\n<script type=\"application\/ld+json\" class=\"yoast-schema-graph\">{\"@context\":\"https:\/\/schema.org\",\"@graph\":[{\"@type\":\"WebPage\",\"@id\":\"https:\/\/www.lrmm.com\/fr\/e-quipe\/avocats\/avocat-roy-ste-phane\",\"url\":\"https:\/\/www.lrmm.com\/fr\/e-quipe\/avocats\/avocat-roy-ste-phane\",\"name\":\"Avocat Roy St\u00e9phane - Lapointe Rosenstein Marchand Melan\u00e7on\",\"isPartOf\":{\"@id\":\"https:\/\/www.lrmm.com\/fr\/#website\"},\"primaryImageOfPage\":{\"@id\":\"https:\/\/www.lrmm.com\/fr\/e-quipe\/avocats\/avocat-roy-ste-phane#primaryimage\"},\"image\":{\"@id\":\"https:\/\/www.lrmm.com\/fr\/e-quipe\/avocats\/avocat-roy-ste-phane#primaryimage\"},\"thumbnailUrl\":\"https:\/\/www.lrmm.com\/wp-content\/uploads\/2022\/03\/imageResourcejsessionid3C6D7569F0AD3E497001550FEDD25AB7navId174partId20livetrueculturefr-CAimageType0imageNameRoy__Stephane_6970_WEB.jpg\",\"datePublished\":\"2022-03-09T18:54:40+00:00\",\"dateModified\":\"2022-05-24T14:13:55+00:00\",\"breadcrumb\":{\"@id\":\"https:\/\/www.lrmm.com\/fr\/e-quipe\/avocats\/avocat-roy-ste-phane#breadcrumb\"},\"inLanguage\":\"fr-CA\",\"potentialAction\":[{\"@type\":\"ReadAction\",\"target\":[\"https:\/\/www.lrmm.com\/fr\/e-quipe\/avocats\/avocat-roy-ste-phane\"]}]},{\"@type\":\"ImageObject\",\"inLanguage\":\"fr-CA\",\"@id\":\"https:\/\/www.lrmm.com\/fr\/e-quipe\/avocats\/avocat-roy-ste-phane#primaryimage\",\"url\":\"https:\/\/www.lrmm.com\/wp-content\/uploads\/2022\/03\/imageResourcejsessionid3C6D7569F0AD3E497001550FEDD25AB7navId174partId20livetrueculturefr-CAimageType0imageNameRoy__Stephane_6970_WEB.jpg\",\"contentUrl\":\"https:\/\/www.lrmm.com\/wp-content\/uploads\/2022\/03\/imageResourcejsessionid3C6D7569F0AD3E497001550FEDD25AB7navId174partId20livetrueculturefr-CAimageType0imageNameRoy__Stephane_6970_WEB.jpg\",\"width\":157,\"height\":157},{\"@type\":\"BreadcrumbList\",\"@id\":\"https:\/\/www.lrmm.com\/fr\/e-quipe\/avocats\/avocat-roy-ste-phane#breadcrumb\",\"itemListElement\":[{\"@type\":\"ListItem\",\"position\":1,\"name\":\"Accueil\",\"item\":\"https:\/\/www.lrmm.com\/fr\/\"},{\"@type\":\"ListItem\",\"position\":2,\"name\":\"\u00c9quipe\",\"item\":\"https:\/\/www.lrmm.com\/fr\/e-quipe\/\"},{\"@type\":\"ListItem\",\"position\":3,\"name\":\"Avocat Roy St\u00e9phane\"}]},{\"@type\":\"WebSite\",\"@id\":\"https:\/\/www.lrmm.com\/fr\/#website\",\"url\":\"https:\/\/www.lrmm.com\/fr\/\",\"name\":\"Lapointe Rosenstein Marchand Melan\u00e7on\",\"description\":\"\",\"potentialAction\":[{\"@type\":\"SearchAction\",\"target\":{\"@type\":\"EntryPoint\",\"urlTemplate\":\"https:\/\/www.lrmm.com\/fr\/?s={search_term_string}\"},\"query-input\":{\"@type\":\"PropertyValueSpecification\",\"valueRequired\":true,\"valueName\":\"search_term_string\"}}],\"inLanguage\":\"fr-CA\"}]}<\/script>\n<!-- \/ Yoast SEO plugin. -->","yoast_head_json":{"title":"Avocat Roy St\u00e9phane - Lapointe Rosenstein Marchand Melan\u00e7on","robots":{"index":"index","follow":"follow","max-snippet":"max-snippet:-1","max-image-preview":"max-image-preview:large","max-video-preview":"max-video-preview:-1"},"canonical":"https:\/\/www.lrmm.com\/fr\/e-quipe\/avocats\/avocat-roy-ste-phane\/","og_locale":"fr_CA","og_type":"article","og_title":"Avocat Roy St\u00e9phane - Lapointe Rosenstein Marchand Melan\u00e7on","og_description":"St\u00e9phane Roy pratique dans le secteur Litiges civil et commercial et, plus particuli\u00e8rement dans le domaine du litige entre actionnaires, de la responsabilit\u00e9 des administrateurs et du litige en construction. Dans le cadre de sa pratique, il a \u00e9t\u00e9 appel\u00e9 \u00e0 faire de nombreuses repr\u00e9sentations devant les tribunaux de toutes les instances, tant civiles qu\u2019administratives. [&hellip;]","og_url":"https:\/\/www.lrmm.com\/fr\/e-quipe\/avocats\/avocat-roy-ste-phane","og_site_name":"Lapointe Rosenstein Marchand Melan\u00e7on","article_modified_time":"2022-05-24T14:13:55+00:00","og_image":[{"width":157,"height":157,"url":"https:\/\/www.lrmm.com\/wp-content\/uploads\/2022\/03\/imageResourcejsessionid3C6D7569F0AD3E497001550FEDD25AB7navId174partId20livetrueculturefr-CAimageType0imageNameRoy__Stephane_6970_WEB.jpg","type":"image\/jpeg"}],"twitter_card":"summary_large_image","twitter_misc":{"Estimation du temps de lecture":"1 minute"},"schema":{"@context":"https:\/\/schema.org","@graph":[{"@type":"WebPage","@id":"https:\/\/www.lrmm.com\/fr\/e-quipe\/avocats\/avocat-roy-ste-phane","url":"https:\/\/www.lrmm.com\/fr\/e-quipe\/avocats\/avocat-roy-ste-phane","name":"Avocat Roy St\u00e9phane - Lapointe Rosenstein Marchand Melan\u00e7on","isPartOf":{"@id":"https:\/\/www.lrmm.com\/fr\/#website"},"primaryImageOfPage":{"@id":"https:\/\/www.lrmm.com\/fr\/e-quipe\/avocats\/avocat-roy-ste-phane#primaryimage"},"image":{"@id":"https:\/\/www.lrmm.com\/fr\/e-quipe\/avocats\/avocat-roy-ste-phane#primaryimage"},"thumbnailUrl":"https:\/\/www.lrmm.com\/wp-content\/uploads\/2022\/03\/imageResourcejsessionid3C6D7569F0AD3E497001550FEDD25AB7navId174partId20livetrueculturefr-CAimageType0imageNameRoy__Stephane_6970_WEB.jpg","datePublished":"2022-03-09T18:54:40+00:00","dateModified":"2022-05-24T14:13:55+00:00","breadcrumb":{"@id":"https:\/\/www.lrmm.com\/fr\/e-quipe\/avocats\/avocat-roy-ste-phane#breadcrumb"},"inLanguage":"fr-CA","potentialAction":[{"@type":"ReadAction","target":["https:\/\/www.lrmm.com\/fr\/e-quipe\/avocats\/avocat-roy-ste-phane"]}]},{"@type":"ImageObject","inLanguage":"fr-CA","@id":"https:\/\/www.lrmm.com\/fr\/e-quipe\/avocats\/avocat-roy-ste-phane#primaryimage","url":"https:\/\/www.lrmm.com\/wp-content\/uploads\/2022\/03\/imageResourcejsessionid3C6D7569F0AD3E497001550FEDD25AB7navId174partId20livetrueculturefr-CAimageType0imageNameRoy__Stephane_6970_WEB.jpg","contentUrl":"https:\/\/www.lrmm.com\/wp-content\/uploads\/2022\/03\/imageResourcejsessionid3C6D7569F0AD3E497001550FEDD25AB7navId174partId20livetrueculturefr-CAimageType0imageNameRoy__Stephane_6970_WEB.jpg","width":157,"height":157},{"@type":"BreadcrumbList","@id":"https:\/\/www.lrmm.com\/fr\/e-quipe\/avocats\/avocat-roy-ste-phane#breadcrumb","itemListElement":[{"@type":"ListItem","position":1,"name":"Accueil","item":"https:\/\/www.lrmm.com\/fr\/"},{"@type":"ListItem","position":2,"name":"\u00c9quipe","item":"https:\/\/www.lrmm.com\/fr\/e-quipe\/"},{"@type":"ListItem","position":3,"name":"Avocat Roy St\u00e9phane"}]},{"@type":"WebSite","@id":"https:\/\/www.lrmm.com\/fr\/#website","url":"https:\/\/www.lrmm.com\/fr\/","name":"Lapointe Rosenstein Marchand Melan\u00e7on","description":"","potentialAction":[{"@type":"SearchAction","target":{"@type":"EntryPoint","urlTemplate":"https:\/\/www.lrmm.com\/fr\/?s={search_term_string}"},"query-input":{"@type":"PropertyValueSpecification","valueRequired":true,"valueName":"search_term_string"}}],"inLanguage":"fr-CA"}]}},"_links":{"self":[{"href":"https:\/\/www.lrmm.com\/fr\/wp-json\/wp\/v2\/equipe\/699","targetHints":{"allow":["GET"]}}],"collection":[{"href":"https:\/\/www.lrmm.com\/fr\/wp-json\/wp\/v2\/equipe"}],"about":[{"href":"https:\/\/www.lrmm.com\/fr\/wp-json\/wp\/v2\/types\/equipe"}],"author":[{"embeddable":true,"href":"https:\/\/www.lrmm.com\/fr\/wp-json\/wp\/v2\/users\/1"}],"wp:featuredmedia":[{"embeddable":true,"href":"https:\/\/www.lrmm.com\/fr\/wp-json\/wp\/v2\/media\/756"}],"wp:attachment":[{"href":"https:\/\/www.lrmm.com\/fr\/wp-json\/wp\/v2\/media?parent=699"}],"wp:term":[{"taxonomy":"equipe_cat","embeddable":true,"href":"https:\/\/www.lrmm.com\/fr\/wp-json\/wp\/v2\/equipe_cat?post=699"}],"curies":[{"name":"wp","href":"https:\/\/api.w.org\/{rel}","templated":true}]}}