{"id":693,"date":"2022-03-09T13:54:40","date_gmt":"2022-03-09T18:54:40","guid":{"rendered":"https:\/\/www.lrmm.com\/fr\/e-quipe\/avocate-rivest-melissa\/"},"modified":"2025-09-04T11:39:11","modified_gmt":"2025-09-04T15:39:11","slug":"avocat-rivest-me-lissa","status":"publish","type":"equipe","link":"https:\/\/www.lrmm.com\/fr\/e-quipe\/avocats\/avocat-rivest-me-lissa","title":{"rendered":"Avocate Rivest M\u00e9lissa"},"content":{"rendered":"<p>M\u00e9lissa Rivest est associ\u00e9e au sein du groupe Litiges civil et commercial. Elle est chef du d\u00e9partement litiges civil et commercial et \u00e9galement cochef du groupe Construction.<\/p>\n<p>Elle agit principalement dans le cadre de litiges civils et commerciaux, notamment en droit de la construction, droit immobilier, responsabilit\u00e9 civile g\u00e9n\u00e9rale, droit des s\u00fbret\u00e9s, droit bancaire et insolvabilit\u00e9, ainsi qu\u2019en mati\u00e8re de recours collectif. Elle a \u00e9t\u00e9 appel\u00e9e \u00e0 repr\u00e9senter de nombreux clients devant les tribunaux de droit commun, tant en premi\u00e8re instance qu\u2019en appel et devant certains tribunaux administratifs sp\u00e9cialis\u00e9s dans des dossiers litigieux complexes.<\/p>\n<p>M\u00e9lissa a \u00e9t\u00e9 impliqu\u00e9e dans plusieurs dossiers d\u2019envergure, tels que des recours collectifs.<\/p>\n<p>\u00a0<\/p>\n\n\n<figure class=\"wp-block-image size-large is-resized\"><img fetchpriority=\"high\" decoding=\"async\" width=\"1024\" height=\"310\" src=\"https:\/\/www.lrmm.com\/wp-content\/uploads\/2022\/03\/Melissa_Rivest-1024x310.png\" alt=\"\" class=\"wp-image-6317\" style=\"width:166px;height:auto\" srcset=\"https:\/\/www.lrmm.com\/wp-content\/uploads\/2022\/03\/Melissa_Rivest-1024x310.png 1024w, https:\/\/www.lrmm.com\/wp-content\/uploads\/2022\/03\/Melissa_Rivest-300x91.png 300w, https:\/\/www.lrmm.com\/wp-content\/uploads\/2022\/03\/Melissa_Rivest-768x232.png 768w, https:\/\/www.lrmm.com\/wp-content\/uploads\/2022\/03\/Melissa_Rivest-1536x465.png 1536w, https:\/\/www.lrmm.com\/wp-content\/uploads\/2022\/03\/Melissa_Rivest-2048x620.png 2048w\" sizes=\"(max-width: 1024px) 100vw, 1024px\" \/><\/figure>\n","protected":false},"author":1,"featured_media":762,"menu_order":0,"template":"","meta":{"_acf_changed":false},"equipe_cat":[20],"class_list":["post-693","equipe","type-equipe","status-publish","has-post-thumbnail","hentry","equipe_cat-avocats"],"acf":[],"yoast_head":"<!-- This site is optimized with the Yoast SEO plugin v26.9 - https:\/\/yoast.com\/product\/yoast-seo-wordpress\/ -->\n<title>Avocate Rivest M\u00e9lissa - Lapointe Rosenstein Marchand Melan\u00e7on<\/title>\n<meta name=\"robots\" content=\"index, follow, max-snippet:-1, max-image-preview:large, max-video-preview:-1\" \/>\n<link rel=\"canonical\" href=\"https:\/\/www.lrmm.com\/fr\/e-quipe\/avocats\/avocat-rivest-me-lissa\/\" \/>\n<meta property=\"og:locale\" content=\"fr_CA\" \/>\n<meta property=\"og:type\" content=\"article\" \/>\n<meta property=\"og:title\" content=\"Avocate Rivest M\u00e9lissa - Lapointe Rosenstein Marchand Melan\u00e7on\" \/>\n<meta property=\"og:description\" content=\"M\u00e9lissa Rivest est associ\u00e9e au sein du groupe Litiges civil et commercial. Elle est chef du d\u00e9partement litiges civil et commercial et \u00e9galement cochef du groupe Construction. Elle agit principalement dans le cadre de litiges civils et commerciaux, notamment en droit de la construction, droit immobilier, responsabilit\u00e9 civile g\u00e9n\u00e9rale, droit des s\u00fbret\u00e9s, droit bancaire et [&hellip;]\" \/>\n<meta property=\"og:url\" content=\"https:\/\/www.lrmm.com\/fr\/e-quipe\/avocats\/avocat-rivest-me-lissa\" \/>\n<meta property=\"og:site_name\" content=\"Lapointe Rosenstein Marchand Melan\u00e7on\" \/>\n<meta property=\"article:modified_time\" content=\"2025-09-04T15:39:11+00:00\" \/>\n<meta property=\"og:image\" content=\"https:\/\/www.lrmm.com\/wp-content\/uploads\/2022\/03\/imageResourcejsessionidFF77B3B97450F1507D6DF081FF700F58navId166partId20livetrueculturefr-CAimageType0imageNameRivest__Melissa_6929_WEB.jpg\" \/>\n\t<meta property=\"og:image:width\" content=\"157\" \/>\n\t<meta property=\"og:image:height\" content=\"157\" \/>\n\t<meta property=\"og:image:type\" content=\"image\/jpeg\" \/>\n<meta name=\"twitter:card\" content=\"summary_large_image\" \/>\n<meta name=\"twitter:label1\" content=\"Estimation du temps de lecture\" \/>\n\t<meta name=\"twitter:data1\" content=\"1 minute\" \/>\n<script type=\"application\/ld+json\" class=\"yoast-schema-graph\">{\"@context\":\"https:\/\/schema.org\",\"@graph\":[{\"@type\":\"WebPage\",\"@id\":\"https:\/\/www.lrmm.com\/fr\/e-quipe\/avocats\/avocat-rivest-me-lissa\",\"url\":\"https:\/\/www.lrmm.com\/fr\/e-quipe\/avocats\/avocat-rivest-me-lissa\",\"name\":\"Avocate Rivest M\u00e9lissa - Lapointe Rosenstein Marchand Melan\u00e7on\",\"isPartOf\":{\"@id\":\"https:\/\/www.lrmm.com\/fr\/#website\"},\"primaryImageOfPage\":{\"@id\":\"https:\/\/www.lrmm.com\/fr\/e-quipe\/avocats\/avocat-rivest-me-lissa#primaryimage\"},\"image\":{\"@id\":\"https:\/\/www.lrmm.com\/fr\/e-quipe\/avocats\/avocat-rivest-me-lissa#primaryimage\"},\"thumbnailUrl\":\"https:\/\/www.lrmm.com\/wp-content\/uploads\/2022\/03\/imageResourcejsessionidFF77B3B97450F1507D6DF081FF700F58navId166partId20livetrueculturefr-CAimageType0imageNameRivest__Melissa_6929_WEB.jpg\",\"datePublished\":\"2022-03-09T18:54:40+00:00\",\"dateModified\":\"2025-09-04T15:39:11+00:00\",\"breadcrumb\":{\"@id\":\"https:\/\/www.lrmm.com\/fr\/e-quipe\/avocats\/avocat-rivest-me-lissa#breadcrumb\"},\"inLanguage\":\"fr-CA\",\"potentialAction\":[{\"@type\":\"ReadAction\",\"target\":[\"https:\/\/www.lrmm.com\/fr\/e-quipe\/avocats\/avocat-rivest-me-lissa\"]}]},{\"@type\":\"ImageObject\",\"inLanguage\":\"fr-CA\",\"@id\":\"https:\/\/www.lrmm.com\/fr\/e-quipe\/avocats\/avocat-rivest-me-lissa#primaryimage\",\"url\":\"https:\/\/www.lrmm.com\/wp-content\/uploads\/2022\/03\/imageResourcejsessionidFF77B3B97450F1507D6DF081FF700F58navId166partId20livetrueculturefr-CAimageType0imageNameRivest__Melissa_6929_WEB.jpg\",\"contentUrl\":\"https:\/\/www.lrmm.com\/wp-content\/uploads\/2022\/03\/imageResourcejsessionidFF77B3B97450F1507D6DF081FF700F58navId166partId20livetrueculturefr-CAimageType0imageNameRivest__Melissa_6929_WEB.jpg\",\"width\":157,\"height\":157},{\"@type\":\"BreadcrumbList\",\"@id\":\"https:\/\/www.lrmm.com\/fr\/e-quipe\/avocats\/avocat-rivest-me-lissa#breadcrumb\",\"itemListElement\":[{\"@type\":\"ListItem\",\"position\":1,\"name\":\"Accueil\",\"item\":\"https:\/\/www.lrmm.com\/fr\/\"},{\"@type\":\"ListItem\",\"position\":2,\"name\":\"\u00c9quipe\",\"item\":\"https:\/\/www.lrmm.com\/fr\/e-quipe\/\"},{\"@type\":\"ListItem\",\"position\":3,\"name\":\"Avocate Rivest M\u00e9lissa\"}]},{\"@type\":\"WebSite\",\"@id\":\"https:\/\/www.lrmm.com\/fr\/#website\",\"url\":\"https:\/\/www.lrmm.com\/fr\/\",\"name\":\"Lapointe Rosenstein Marchand Melan\u00e7on\",\"description\":\"\",\"potentialAction\":[{\"@type\":\"SearchAction\",\"target\":{\"@type\":\"EntryPoint\",\"urlTemplate\":\"https:\/\/www.lrmm.com\/fr\/?s={search_term_string}\"},\"query-input\":{\"@type\":\"PropertyValueSpecification\",\"valueRequired\":true,\"valueName\":\"search_term_string\"}}],\"inLanguage\":\"fr-CA\"}]}<\/script>\n<!-- \/ Yoast SEO plugin. -->","yoast_head_json":{"title":"Avocate Rivest M\u00e9lissa - Lapointe Rosenstein Marchand Melan\u00e7on","robots":{"index":"index","follow":"follow","max-snippet":"max-snippet:-1","max-image-preview":"max-image-preview:large","max-video-preview":"max-video-preview:-1"},"canonical":"https:\/\/www.lrmm.com\/fr\/e-quipe\/avocats\/avocat-rivest-me-lissa\/","og_locale":"fr_CA","og_type":"article","og_title":"Avocate Rivest M\u00e9lissa - Lapointe Rosenstein Marchand Melan\u00e7on","og_description":"M\u00e9lissa Rivest est associ\u00e9e au sein du groupe Litiges civil et commercial. Elle est chef du d\u00e9partement litiges civil et commercial et \u00e9galement cochef du groupe Construction. Elle agit principalement dans le cadre de litiges civils et commerciaux, notamment en droit de la construction, droit immobilier, responsabilit\u00e9 civile g\u00e9n\u00e9rale, droit des s\u00fbret\u00e9s, droit bancaire et [&hellip;]","og_url":"https:\/\/www.lrmm.com\/fr\/e-quipe\/avocats\/avocat-rivest-me-lissa","og_site_name":"Lapointe Rosenstein Marchand Melan\u00e7on","article_modified_time":"2025-09-04T15:39:11+00:00","og_image":[{"width":157,"height":157,"url":"https:\/\/www.lrmm.com\/wp-content\/uploads\/2022\/03\/imageResourcejsessionidFF77B3B97450F1507D6DF081FF700F58navId166partId20livetrueculturefr-CAimageType0imageNameRivest__Melissa_6929_WEB.jpg","type":"image\/jpeg"}],"twitter_card":"summary_large_image","twitter_misc":{"Estimation du temps de lecture":"1 minute"},"schema":{"@context":"https:\/\/schema.org","@graph":[{"@type":"WebPage","@id":"https:\/\/www.lrmm.com\/fr\/e-quipe\/avocats\/avocat-rivest-me-lissa","url":"https:\/\/www.lrmm.com\/fr\/e-quipe\/avocats\/avocat-rivest-me-lissa","name":"Avocate Rivest M\u00e9lissa - Lapointe Rosenstein Marchand Melan\u00e7on","isPartOf":{"@id":"https:\/\/www.lrmm.com\/fr\/#website"},"primaryImageOfPage":{"@id":"https:\/\/www.lrmm.com\/fr\/e-quipe\/avocats\/avocat-rivest-me-lissa#primaryimage"},"image":{"@id":"https:\/\/www.lrmm.com\/fr\/e-quipe\/avocats\/avocat-rivest-me-lissa#primaryimage"},"thumbnailUrl":"https:\/\/www.lrmm.com\/wp-content\/uploads\/2022\/03\/imageResourcejsessionidFF77B3B97450F1507D6DF081FF700F58navId166partId20livetrueculturefr-CAimageType0imageNameRivest__Melissa_6929_WEB.jpg","datePublished":"2022-03-09T18:54:40+00:00","dateModified":"2025-09-04T15:39:11+00:00","breadcrumb":{"@id":"https:\/\/www.lrmm.com\/fr\/e-quipe\/avocats\/avocat-rivest-me-lissa#breadcrumb"},"inLanguage":"fr-CA","potentialAction":[{"@type":"ReadAction","target":["https:\/\/www.lrmm.com\/fr\/e-quipe\/avocats\/avocat-rivest-me-lissa"]}]},{"@type":"ImageObject","inLanguage":"fr-CA","@id":"https:\/\/www.lrmm.com\/fr\/e-quipe\/avocats\/avocat-rivest-me-lissa#primaryimage","url":"https:\/\/www.lrmm.com\/wp-content\/uploads\/2022\/03\/imageResourcejsessionidFF77B3B97450F1507D6DF081FF700F58navId166partId20livetrueculturefr-CAimageType0imageNameRivest__Melissa_6929_WEB.jpg","contentUrl":"https:\/\/www.lrmm.com\/wp-content\/uploads\/2022\/03\/imageResourcejsessionidFF77B3B97450F1507D6DF081FF700F58navId166partId20livetrueculturefr-CAimageType0imageNameRivest__Melissa_6929_WEB.jpg","width":157,"height":157},{"@type":"BreadcrumbList","@id":"https:\/\/www.lrmm.com\/fr\/e-quipe\/avocats\/avocat-rivest-me-lissa#breadcrumb","itemListElement":[{"@type":"ListItem","position":1,"name":"Accueil","item":"https:\/\/www.lrmm.com\/fr\/"},{"@type":"ListItem","position":2,"name":"\u00c9quipe","item":"https:\/\/www.lrmm.com\/fr\/e-quipe\/"},{"@type":"ListItem","position":3,"name":"Avocate Rivest M\u00e9lissa"}]},{"@type":"WebSite","@id":"https:\/\/www.lrmm.com\/fr\/#website","url":"https:\/\/www.lrmm.com\/fr\/","name":"Lapointe Rosenstein Marchand Melan\u00e7on","description":"","potentialAction":[{"@type":"SearchAction","target":{"@type":"EntryPoint","urlTemplate":"https:\/\/www.lrmm.com\/fr\/?s={search_term_string}"},"query-input":{"@type":"PropertyValueSpecification","valueRequired":true,"valueName":"search_term_string"}}],"inLanguage":"fr-CA"}]}},"_links":{"self":[{"href":"https:\/\/www.lrmm.com\/fr\/wp-json\/wp\/v2\/equipe\/693","targetHints":{"allow":["GET"]}}],"collection":[{"href":"https:\/\/www.lrmm.com\/fr\/wp-json\/wp\/v2\/equipe"}],"about":[{"href":"https:\/\/www.lrmm.com\/fr\/wp-json\/wp\/v2\/types\/equipe"}],"author":[{"embeddable":true,"href":"https:\/\/www.lrmm.com\/fr\/wp-json\/wp\/v2\/users\/1"}],"wp:featuredmedia":[{"embeddable":true,"href":"https:\/\/www.lrmm.com\/fr\/wp-json\/wp\/v2\/media\/762"}],"wp:attachment":[{"href":"https:\/\/www.lrmm.com\/fr\/wp-json\/wp\/v2\/media?parent=693"}],"wp:term":[{"taxonomy":"equipe_cat","embeddable":true,"href":"https:\/\/www.lrmm.com\/fr\/wp-json\/wp\/v2\/equipe_cat?post=693"}],"curies":[{"name":"wp","href":"https:\/\/api.w.org\/{rel}","templated":true}]}}