{"id":684,"date":"2022-03-09T13:54:39","date_gmt":"2022-03-09T18:54:39","guid":{"rendered":"https:\/\/www.lrmm.com\/fr\/e-quipe\/avocat-menard-michel\/"},"modified":"2022-05-24T14:19:06","modified_gmt":"2022-05-24T18:19:06","slug":"avocat-me-nard-michel","status":"publish","type":"equipe","link":"https:\/\/www.lrmm.com\/fr\/e-quipe\/avocats\/avocat-me-nard-michel","title":{"rendered":"Avocat M\u00e9nard Michel"},"content":{"rendered":"<p style=\"text-align: left\">Michel G. M\u00e9nard s\u2019est joint au cabinet en 1985. Il a acquis une solide exp\u00e9rience dans le domaine des litiges civils et commerciaux tant en demande qu\u2019en d\u00e9fense. Il repr\u00e9sente, entre autres, des syst\u00e8mes de franchisage, des locateurs et propri\u00e9taires immobiliers, des constructeurs d\u2019importance et des syndicats de copropri\u00e9taires, des syndics de faillite et des entreprises de toute taille. Son exp\u00e9rience, notamment en mati\u00e8re de r\u00e9alisation des s\u00fbret\u00e9s, l\u2019a conduit \u00e0 enseigner le droit des s\u00fbret\u00e9s \u00e0 l\u2019Universit\u00e9 de Montr\u00e9al de 1992 \u00e0 2006. Il est \u00e9galement conf\u00e9rencier aupr\u00e8s de plusieurs organismes, comme Insight, l\u2019American Bar Association, l\u2019Association du Barreau canadien et l\u2019Association qu\u00e9b\u00e9coise de planification fiscale et successorale.<\/p>\n<p style=\"text-align: left\">Michel a plaid\u00e9 devant toutes les instances provinciales et f\u00e9d\u00e9rales et notamment \u00e0 de nombreuses reprises devant la Cour d\u2019appel du Qu\u00e9bec. Il a plaid\u00e9 devant la Cour Supr\u00eame du Canada pour Nav Canada dans une affaire visant \u00e0 d\u00e9terminer les droits de cette derni\u00e8re \u00e0 titre de fournisseur de services de navigation a\u00e9rienne en regard des droits d\u2019utilisateurs et de propri\u00e9taire d\u2019avions commerciaux. Il a repr\u00e9sent\u00e9 l\u2019Union des municipalit\u00e9s du Qu\u00e9bec devant la R\u00e9gie de l\u2019\u00e9nergie.<\/p>\n<p style=\"text-align: left\">Michel poss\u00e8de une solide exp\u00e9rience en mati\u00e8re d\u2019arbitrage ainsi qu\u2019en m\u00e9diation. Il a utilis\u00e9 le processus d\u2019arbitrage dans le cas de litiges d\u2019interpr\u00e9tation d\u2019ententes commerciales avec Hydro-Qu\u00e9bec ainsi que dans des dossiers importants de droit de la construction.<\/p>\n","protected":false},"author":1,"featured_media":771,"menu_order":0,"template":"","meta":{"_acf_changed":false},"equipe_cat":[20],"class_list":["post-684","equipe","type-equipe","status-publish","has-post-thumbnail","hentry","equipe_cat-avocats"],"acf":[],"yoast_head":"<!-- This site is optimized with the Yoast SEO plugin v26.9 - https:\/\/yoast.com\/product\/yoast-seo-wordpress\/ -->\n<title>Avocat M\u00e9nard Michel - Lapointe Rosenstein Marchand Melan\u00e7on<\/title>\n<meta name=\"robots\" content=\"index, follow, max-snippet:-1, max-image-preview:large, max-video-preview:-1\" \/>\n<link rel=\"canonical\" href=\"https:\/\/www.lrmm.com\/fr\/e-quipe\/avocats\/avocat-me-nard-michel\/\" \/>\n<meta property=\"og:locale\" content=\"fr_CA\" \/>\n<meta property=\"og:type\" content=\"article\" \/>\n<meta property=\"og:title\" content=\"Avocat M\u00e9nard Michel - Lapointe Rosenstein Marchand Melan\u00e7on\" \/>\n<meta property=\"og:description\" content=\"Michel G. M\u00e9nard s\u2019est joint au cabinet en 1985. Il a acquis une solide exp\u00e9rience dans le domaine des litiges civils et commerciaux tant en demande qu\u2019en d\u00e9fense. Il repr\u00e9sente, entre autres, des syst\u00e8mes de franchisage, des locateurs et propri\u00e9taires immobiliers, des constructeurs d\u2019importance et des syndicats de copropri\u00e9taires, des syndics de faillite et des [&hellip;]\" \/>\n<meta property=\"og:url\" content=\"https:\/\/www.lrmm.com\/fr\/e-quipe\/avocats\/avocat-me-nard-michel\" \/>\n<meta property=\"og:site_name\" content=\"Lapointe Rosenstein Marchand Melan\u00e7on\" \/>\n<meta property=\"article:modified_time\" content=\"2022-05-24T18:19:06+00:00\" \/>\n<meta property=\"og:image\" content=\"https:\/\/www.lrmm.com\/wp-content\/uploads\/2022\/03\/imageResourcejsessionid6D11726814925A34EB4C7F5DD1F4E7B1navId157partId20livetrueculturefr-CAimageType0imageNameMenard__Michel_6948_WEB.jpg\" \/>\n\t<meta property=\"og:image:width\" content=\"157\" \/>\n\t<meta property=\"og:image:height\" content=\"157\" \/>\n\t<meta property=\"og:image:type\" content=\"image\/jpeg\" \/>\n<meta name=\"twitter:card\" content=\"summary_large_image\" \/>\n<meta name=\"twitter:label1\" content=\"Estimation du temps de lecture\" \/>\n\t<meta name=\"twitter:data1\" content=\"2 minutes\" \/>\n<script type=\"application\/ld+json\" class=\"yoast-schema-graph\">{\"@context\":\"https:\/\/schema.org\",\"@graph\":[{\"@type\":\"WebPage\",\"@id\":\"https:\/\/www.lrmm.com\/fr\/e-quipe\/avocats\/avocat-me-nard-michel\",\"url\":\"https:\/\/www.lrmm.com\/fr\/e-quipe\/avocats\/avocat-me-nard-michel\",\"name\":\"Avocat M\u00e9nard Michel - Lapointe Rosenstein Marchand Melan\u00e7on\",\"isPartOf\":{\"@id\":\"https:\/\/www.lrmm.com\/fr\/#website\"},\"primaryImageOfPage\":{\"@id\":\"https:\/\/www.lrmm.com\/fr\/e-quipe\/avocats\/avocat-me-nard-michel#primaryimage\"},\"image\":{\"@id\":\"https:\/\/www.lrmm.com\/fr\/e-quipe\/avocats\/avocat-me-nard-michel#primaryimage\"},\"thumbnailUrl\":\"https:\/\/www.lrmm.com\/wp-content\/uploads\/2022\/03\/imageResourcejsessionid6D11726814925A34EB4C7F5DD1F4E7B1navId157partId20livetrueculturefr-CAimageType0imageNameMenard__Michel_6948_WEB.jpg\",\"datePublished\":\"2022-03-09T18:54:39+00:00\",\"dateModified\":\"2022-05-24T18:19:06+00:00\",\"breadcrumb\":{\"@id\":\"https:\/\/www.lrmm.com\/fr\/e-quipe\/avocats\/avocat-me-nard-michel#breadcrumb\"},\"inLanguage\":\"fr-CA\",\"potentialAction\":[{\"@type\":\"ReadAction\",\"target\":[\"https:\/\/www.lrmm.com\/fr\/e-quipe\/avocats\/avocat-me-nard-michel\"]}]},{\"@type\":\"ImageObject\",\"inLanguage\":\"fr-CA\",\"@id\":\"https:\/\/www.lrmm.com\/fr\/e-quipe\/avocats\/avocat-me-nard-michel#primaryimage\",\"url\":\"https:\/\/www.lrmm.com\/wp-content\/uploads\/2022\/03\/imageResourcejsessionid6D11726814925A34EB4C7F5DD1F4E7B1navId157partId20livetrueculturefr-CAimageType0imageNameMenard__Michel_6948_WEB.jpg\",\"contentUrl\":\"https:\/\/www.lrmm.com\/wp-content\/uploads\/2022\/03\/imageResourcejsessionid6D11726814925A34EB4C7F5DD1F4E7B1navId157partId20livetrueculturefr-CAimageType0imageNameMenard__Michel_6948_WEB.jpg\",\"width\":157,\"height\":157},{\"@type\":\"BreadcrumbList\",\"@id\":\"https:\/\/www.lrmm.com\/fr\/e-quipe\/avocats\/avocat-me-nard-michel#breadcrumb\",\"itemListElement\":[{\"@type\":\"ListItem\",\"position\":1,\"name\":\"Accueil\",\"item\":\"https:\/\/www.lrmm.com\/fr\/\"},{\"@type\":\"ListItem\",\"position\":2,\"name\":\"\u00c9quipe\",\"item\":\"https:\/\/www.lrmm.com\/fr\/e-quipe\/\"},{\"@type\":\"ListItem\",\"position\":3,\"name\":\"Avocat M\u00e9nard Michel\"}]},{\"@type\":\"WebSite\",\"@id\":\"https:\/\/www.lrmm.com\/fr\/#website\",\"url\":\"https:\/\/www.lrmm.com\/fr\/\",\"name\":\"Lapointe Rosenstein Marchand Melan\u00e7on\",\"description\":\"\",\"potentialAction\":[{\"@type\":\"SearchAction\",\"target\":{\"@type\":\"EntryPoint\",\"urlTemplate\":\"https:\/\/www.lrmm.com\/fr\/?s={search_term_string}\"},\"query-input\":{\"@type\":\"PropertyValueSpecification\",\"valueRequired\":true,\"valueName\":\"search_term_string\"}}],\"inLanguage\":\"fr-CA\"}]}<\/script>\n<!-- \/ Yoast SEO plugin. -->","yoast_head_json":{"title":"Avocat M\u00e9nard Michel - Lapointe Rosenstein Marchand Melan\u00e7on","robots":{"index":"index","follow":"follow","max-snippet":"max-snippet:-1","max-image-preview":"max-image-preview:large","max-video-preview":"max-video-preview:-1"},"canonical":"https:\/\/www.lrmm.com\/fr\/e-quipe\/avocats\/avocat-me-nard-michel\/","og_locale":"fr_CA","og_type":"article","og_title":"Avocat M\u00e9nard Michel - Lapointe Rosenstein Marchand Melan\u00e7on","og_description":"Michel G. M\u00e9nard s\u2019est joint au cabinet en 1985. Il a acquis une solide exp\u00e9rience dans le domaine des litiges civils et commerciaux tant en demande qu\u2019en d\u00e9fense. Il repr\u00e9sente, entre autres, des syst\u00e8mes de franchisage, des locateurs et propri\u00e9taires immobiliers, des constructeurs d\u2019importance et des syndicats de copropri\u00e9taires, des syndics de faillite et des [&hellip;]","og_url":"https:\/\/www.lrmm.com\/fr\/e-quipe\/avocats\/avocat-me-nard-michel","og_site_name":"Lapointe Rosenstein Marchand Melan\u00e7on","article_modified_time":"2022-05-24T18:19:06+00:00","og_image":[{"width":157,"height":157,"url":"https:\/\/www.lrmm.com\/wp-content\/uploads\/2022\/03\/imageResourcejsessionid6D11726814925A34EB4C7F5DD1F4E7B1navId157partId20livetrueculturefr-CAimageType0imageNameMenard__Michel_6948_WEB.jpg","type":"image\/jpeg"}],"twitter_card":"summary_large_image","twitter_misc":{"Estimation du temps de lecture":"2 minutes"},"schema":{"@context":"https:\/\/schema.org","@graph":[{"@type":"WebPage","@id":"https:\/\/www.lrmm.com\/fr\/e-quipe\/avocats\/avocat-me-nard-michel","url":"https:\/\/www.lrmm.com\/fr\/e-quipe\/avocats\/avocat-me-nard-michel","name":"Avocat M\u00e9nard Michel - Lapointe Rosenstein Marchand Melan\u00e7on","isPartOf":{"@id":"https:\/\/www.lrmm.com\/fr\/#website"},"primaryImageOfPage":{"@id":"https:\/\/www.lrmm.com\/fr\/e-quipe\/avocats\/avocat-me-nard-michel#primaryimage"},"image":{"@id":"https:\/\/www.lrmm.com\/fr\/e-quipe\/avocats\/avocat-me-nard-michel#primaryimage"},"thumbnailUrl":"https:\/\/www.lrmm.com\/wp-content\/uploads\/2022\/03\/imageResourcejsessionid6D11726814925A34EB4C7F5DD1F4E7B1navId157partId20livetrueculturefr-CAimageType0imageNameMenard__Michel_6948_WEB.jpg","datePublished":"2022-03-09T18:54:39+00:00","dateModified":"2022-05-24T18:19:06+00:00","breadcrumb":{"@id":"https:\/\/www.lrmm.com\/fr\/e-quipe\/avocats\/avocat-me-nard-michel#breadcrumb"},"inLanguage":"fr-CA","potentialAction":[{"@type":"ReadAction","target":["https:\/\/www.lrmm.com\/fr\/e-quipe\/avocats\/avocat-me-nard-michel"]}]},{"@type":"ImageObject","inLanguage":"fr-CA","@id":"https:\/\/www.lrmm.com\/fr\/e-quipe\/avocats\/avocat-me-nard-michel#primaryimage","url":"https:\/\/www.lrmm.com\/wp-content\/uploads\/2022\/03\/imageResourcejsessionid6D11726814925A34EB4C7F5DD1F4E7B1navId157partId20livetrueculturefr-CAimageType0imageNameMenard__Michel_6948_WEB.jpg","contentUrl":"https:\/\/www.lrmm.com\/wp-content\/uploads\/2022\/03\/imageResourcejsessionid6D11726814925A34EB4C7F5DD1F4E7B1navId157partId20livetrueculturefr-CAimageType0imageNameMenard__Michel_6948_WEB.jpg","width":157,"height":157},{"@type":"BreadcrumbList","@id":"https:\/\/www.lrmm.com\/fr\/e-quipe\/avocats\/avocat-me-nard-michel#breadcrumb","itemListElement":[{"@type":"ListItem","position":1,"name":"Accueil","item":"https:\/\/www.lrmm.com\/fr\/"},{"@type":"ListItem","position":2,"name":"\u00c9quipe","item":"https:\/\/www.lrmm.com\/fr\/e-quipe\/"},{"@type":"ListItem","position":3,"name":"Avocat M\u00e9nard Michel"}]},{"@type":"WebSite","@id":"https:\/\/www.lrmm.com\/fr\/#website","url":"https:\/\/www.lrmm.com\/fr\/","name":"Lapointe Rosenstein Marchand Melan\u00e7on","description":"","potentialAction":[{"@type":"SearchAction","target":{"@type":"EntryPoint","urlTemplate":"https:\/\/www.lrmm.com\/fr\/?s={search_term_string}"},"query-input":{"@type":"PropertyValueSpecification","valueRequired":true,"valueName":"search_term_string"}}],"inLanguage":"fr-CA"}]}},"_links":{"self":[{"href":"https:\/\/www.lrmm.com\/fr\/wp-json\/wp\/v2\/equipe\/684","targetHints":{"allow":["GET"]}}],"collection":[{"href":"https:\/\/www.lrmm.com\/fr\/wp-json\/wp\/v2\/equipe"}],"about":[{"href":"https:\/\/www.lrmm.com\/fr\/wp-json\/wp\/v2\/types\/equipe"}],"author":[{"embeddable":true,"href":"https:\/\/www.lrmm.com\/fr\/wp-json\/wp\/v2\/users\/1"}],"wp:featuredmedia":[{"embeddable":true,"href":"https:\/\/www.lrmm.com\/fr\/wp-json\/wp\/v2\/media\/771"}],"wp:attachment":[{"href":"https:\/\/www.lrmm.com\/fr\/wp-json\/wp\/v2\/media?parent=684"}],"wp:term":[{"taxonomy":"equipe_cat","embeddable":true,"href":"https:\/\/www.lrmm.com\/fr\/wp-json\/wp\/v2\/equipe_cat?post=684"}],"curies":[{"name":"wp","href":"https:\/\/api.w.org\/{rel}","templated":true}]}}