{"id":682,"date":"2022-03-09T13:54:39","date_gmt":"2022-03-09T18:54:39","guid":{"rendered":"https:\/\/www.lrmm.com\/fr\/e-quipe\/avocat-melancon-antoine\/"},"modified":"2025-03-18T10:40:33","modified_gmt":"2025-03-18T14:40:33","slug":"avocat-melanc-on-antoine","status":"publish","type":"equipe","link":"https:\/\/www.lrmm.com\/fr\/e-quipe\/avocats\/avocat-melanc-on-antoine","title":{"rendered":"Avocat Melan\u00e7on Antoine"},"content":{"rendered":"<p style=\"text-align: left;\">Dipl\u00f4m\u00e9 de l\u2019Universit\u00e9 de Sherbrooke en 2002, Antoine a effectu\u00e9 son stage de formation professionnelle chez Marchand Melan\u00e7on Forget pour ensuite se joindre au cabinet. Ses domaines de pratique incluent les assurances et la responsabilit\u00e9 civile.<\/p>\n<p style=\"text-align: left;\">Antoine plaide \u00e9galement devant les principales instances du Qu\u00e9bec tant en demande qu\u2019en d\u00e9fense, et tant en premi\u00e8re instance qu\u2019en appel.<\/p>\n<p style=\"text-align: left;\">Dans le cadre de sa pratique, il est appel\u00e9 \u00e0 r\u00e9diger des avis juridiques ainsi que des proc\u00e9dures et \u00e0 repr\u00e9senter les clients du cabinet devant les tribunaux.<\/p>\n","protected":false},"author":1,"featured_media":772,"menu_order":0,"template":"","meta":{"_acf_changed":false},"equipe_cat":[20],"class_list":["post-682","equipe","type-equipe","status-publish","has-post-thumbnail","hentry","equipe_cat-avocats"],"acf":[],"yoast_head":"<!-- This site is optimized with the Yoast SEO plugin v26.9 - https:\/\/yoast.com\/product\/yoast-seo-wordpress\/ -->\n<title>Avocat Melan\u00e7on Antoine - Lapointe Rosenstein Marchand Melan\u00e7on<\/title>\n<meta name=\"robots\" content=\"index, follow, max-snippet:-1, max-image-preview:large, max-video-preview:-1\" \/>\n<link rel=\"canonical\" href=\"https:\/\/www.lrmm.com\/fr\/e-quipe\/avocats\/avocat-melanc-on-antoine\/\" \/>\n<meta property=\"og:locale\" content=\"fr_CA\" \/>\n<meta property=\"og:type\" content=\"article\" \/>\n<meta property=\"og:title\" content=\"Avocat Melan\u00e7on Antoine - Lapointe Rosenstein Marchand Melan\u00e7on\" \/>\n<meta property=\"og:description\" content=\"Dipl\u00f4m\u00e9 de l\u2019Universit\u00e9 de Sherbrooke en 2002, Antoine a effectu\u00e9 son stage de formation professionnelle chez Marchand Melan\u00e7on Forget pour ensuite se joindre au cabinet. Ses domaines de pratique incluent les assurances et la responsabilit\u00e9 civile. Antoine plaide \u00e9galement devant les principales instances du Qu\u00e9bec tant en demande qu\u2019en d\u00e9fense, et tant en premi\u00e8re instance [&hellip;]\" \/>\n<meta property=\"og:url\" content=\"https:\/\/www.lrmm.com\/fr\/e-quipe\/avocats\/avocat-melanc-on-antoine\" \/>\n<meta property=\"og:site_name\" content=\"Lapointe Rosenstein Marchand Melan\u00e7on\" \/>\n<meta property=\"article:modified_time\" content=\"2025-03-18T14:40:33+00:00\" \/>\n<meta property=\"og:image\" content=\"https:\/\/www.lrmm.com\/wp-content\/uploads\/2022\/03\/imageResourcejsessionidCA242A6B3B50B0CD088A02CA92D21BBCnavId154partId20livetrueculturefr-CAimageType0imageNameMelancon__Antoine_2067_Web.jpg\" \/>\n\t<meta property=\"og:image:width\" content=\"157\" \/>\n\t<meta property=\"og:image:height\" content=\"157\" \/>\n\t<meta property=\"og:image:type\" content=\"image\/jpeg\" \/>\n<meta name=\"twitter:card\" content=\"summary_large_image\" \/>\n<meta name=\"twitter:label1\" content=\"Estimation du temps de lecture\" \/>\n\t<meta name=\"twitter:data1\" content=\"1 minute\" \/>\n<script type=\"application\/ld+json\" class=\"yoast-schema-graph\">{\"@context\":\"https:\/\/schema.org\",\"@graph\":[{\"@type\":\"WebPage\",\"@id\":\"https:\/\/www.lrmm.com\/fr\/e-quipe\/avocats\/avocat-melanc-on-antoine\",\"url\":\"https:\/\/www.lrmm.com\/fr\/e-quipe\/avocats\/avocat-melanc-on-antoine\",\"name\":\"Avocat Melan\u00e7on Antoine - Lapointe Rosenstein Marchand Melan\u00e7on\",\"isPartOf\":{\"@id\":\"https:\/\/www.lrmm.com\/fr\/#website\"},\"primaryImageOfPage\":{\"@id\":\"https:\/\/www.lrmm.com\/fr\/e-quipe\/avocats\/avocat-melanc-on-antoine#primaryimage\"},\"image\":{\"@id\":\"https:\/\/www.lrmm.com\/fr\/e-quipe\/avocats\/avocat-melanc-on-antoine#primaryimage\"},\"thumbnailUrl\":\"https:\/\/www.lrmm.com\/wp-content\/uploads\/2022\/03\/imageResourcejsessionidCA242A6B3B50B0CD088A02CA92D21BBCnavId154partId20livetrueculturefr-CAimageType0imageNameMelancon__Antoine_2067_Web.jpg\",\"datePublished\":\"2022-03-09T18:54:39+00:00\",\"dateModified\":\"2025-03-18T14:40:33+00:00\",\"breadcrumb\":{\"@id\":\"https:\/\/www.lrmm.com\/fr\/e-quipe\/avocats\/avocat-melanc-on-antoine#breadcrumb\"},\"inLanguage\":\"fr-CA\",\"potentialAction\":[{\"@type\":\"ReadAction\",\"target\":[\"https:\/\/www.lrmm.com\/fr\/e-quipe\/avocats\/avocat-melanc-on-antoine\"]}]},{\"@type\":\"ImageObject\",\"inLanguage\":\"fr-CA\",\"@id\":\"https:\/\/www.lrmm.com\/fr\/e-quipe\/avocats\/avocat-melanc-on-antoine#primaryimage\",\"url\":\"https:\/\/www.lrmm.com\/wp-content\/uploads\/2022\/03\/imageResourcejsessionidCA242A6B3B50B0CD088A02CA92D21BBCnavId154partId20livetrueculturefr-CAimageType0imageNameMelancon__Antoine_2067_Web.jpg\",\"contentUrl\":\"https:\/\/www.lrmm.com\/wp-content\/uploads\/2022\/03\/imageResourcejsessionidCA242A6B3B50B0CD088A02CA92D21BBCnavId154partId20livetrueculturefr-CAimageType0imageNameMelancon__Antoine_2067_Web.jpg\",\"width\":157,\"height\":157},{\"@type\":\"BreadcrumbList\",\"@id\":\"https:\/\/www.lrmm.com\/fr\/e-quipe\/avocats\/avocat-melanc-on-antoine#breadcrumb\",\"itemListElement\":[{\"@type\":\"ListItem\",\"position\":1,\"name\":\"Accueil\",\"item\":\"https:\/\/www.lrmm.com\/fr\/\"},{\"@type\":\"ListItem\",\"position\":2,\"name\":\"\u00c9quipe\",\"item\":\"https:\/\/www.lrmm.com\/fr\/e-quipe\/\"},{\"@type\":\"ListItem\",\"position\":3,\"name\":\"Avocat Melan\u00e7on Antoine\"}]},{\"@type\":\"WebSite\",\"@id\":\"https:\/\/www.lrmm.com\/fr\/#website\",\"url\":\"https:\/\/www.lrmm.com\/fr\/\",\"name\":\"Lapointe Rosenstein Marchand Melan\u00e7on\",\"description\":\"\",\"potentialAction\":[{\"@type\":\"SearchAction\",\"target\":{\"@type\":\"EntryPoint\",\"urlTemplate\":\"https:\/\/www.lrmm.com\/fr\/?s={search_term_string}\"},\"query-input\":{\"@type\":\"PropertyValueSpecification\",\"valueRequired\":true,\"valueName\":\"search_term_string\"}}],\"inLanguage\":\"fr-CA\"}]}<\/script>\n<!-- \/ Yoast SEO plugin. -->","yoast_head_json":{"title":"Avocat Melan\u00e7on Antoine - Lapointe Rosenstein Marchand Melan\u00e7on","robots":{"index":"index","follow":"follow","max-snippet":"max-snippet:-1","max-image-preview":"max-image-preview:large","max-video-preview":"max-video-preview:-1"},"canonical":"https:\/\/www.lrmm.com\/fr\/e-quipe\/avocats\/avocat-melanc-on-antoine\/","og_locale":"fr_CA","og_type":"article","og_title":"Avocat Melan\u00e7on Antoine - Lapointe Rosenstein Marchand Melan\u00e7on","og_description":"Dipl\u00f4m\u00e9 de l\u2019Universit\u00e9 de Sherbrooke en 2002, Antoine a effectu\u00e9 son stage de formation professionnelle chez Marchand Melan\u00e7on Forget pour ensuite se joindre au cabinet. Ses domaines de pratique incluent les assurances et la responsabilit\u00e9 civile. Antoine plaide \u00e9galement devant les principales instances du Qu\u00e9bec tant en demande qu\u2019en d\u00e9fense, et tant en premi\u00e8re instance [&hellip;]","og_url":"https:\/\/www.lrmm.com\/fr\/e-quipe\/avocats\/avocat-melanc-on-antoine","og_site_name":"Lapointe Rosenstein Marchand Melan\u00e7on","article_modified_time":"2025-03-18T14:40:33+00:00","og_image":[{"width":157,"height":157,"url":"https:\/\/www.lrmm.com\/wp-content\/uploads\/2022\/03\/imageResourcejsessionidCA242A6B3B50B0CD088A02CA92D21BBCnavId154partId20livetrueculturefr-CAimageType0imageNameMelancon__Antoine_2067_Web.jpg","type":"image\/jpeg"}],"twitter_card":"summary_large_image","twitter_misc":{"Estimation du temps de lecture":"1 minute"},"schema":{"@context":"https:\/\/schema.org","@graph":[{"@type":"WebPage","@id":"https:\/\/www.lrmm.com\/fr\/e-quipe\/avocats\/avocat-melanc-on-antoine","url":"https:\/\/www.lrmm.com\/fr\/e-quipe\/avocats\/avocat-melanc-on-antoine","name":"Avocat Melan\u00e7on Antoine - Lapointe Rosenstein Marchand Melan\u00e7on","isPartOf":{"@id":"https:\/\/www.lrmm.com\/fr\/#website"},"primaryImageOfPage":{"@id":"https:\/\/www.lrmm.com\/fr\/e-quipe\/avocats\/avocat-melanc-on-antoine#primaryimage"},"image":{"@id":"https:\/\/www.lrmm.com\/fr\/e-quipe\/avocats\/avocat-melanc-on-antoine#primaryimage"},"thumbnailUrl":"https:\/\/www.lrmm.com\/wp-content\/uploads\/2022\/03\/imageResourcejsessionidCA242A6B3B50B0CD088A02CA92D21BBCnavId154partId20livetrueculturefr-CAimageType0imageNameMelancon__Antoine_2067_Web.jpg","datePublished":"2022-03-09T18:54:39+00:00","dateModified":"2025-03-18T14:40:33+00:00","breadcrumb":{"@id":"https:\/\/www.lrmm.com\/fr\/e-quipe\/avocats\/avocat-melanc-on-antoine#breadcrumb"},"inLanguage":"fr-CA","potentialAction":[{"@type":"ReadAction","target":["https:\/\/www.lrmm.com\/fr\/e-quipe\/avocats\/avocat-melanc-on-antoine"]}]},{"@type":"ImageObject","inLanguage":"fr-CA","@id":"https:\/\/www.lrmm.com\/fr\/e-quipe\/avocats\/avocat-melanc-on-antoine#primaryimage","url":"https:\/\/www.lrmm.com\/wp-content\/uploads\/2022\/03\/imageResourcejsessionidCA242A6B3B50B0CD088A02CA92D21BBCnavId154partId20livetrueculturefr-CAimageType0imageNameMelancon__Antoine_2067_Web.jpg","contentUrl":"https:\/\/www.lrmm.com\/wp-content\/uploads\/2022\/03\/imageResourcejsessionidCA242A6B3B50B0CD088A02CA92D21BBCnavId154partId20livetrueculturefr-CAimageType0imageNameMelancon__Antoine_2067_Web.jpg","width":157,"height":157},{"@type":"BreadcrumbList","@id":"https:\/\/www.lrmm.com\/fr\/e-quipe\/avocats\/avocat-melanc-on-antoine#breadcrumb","itemListElement":[{"@type":"ListItem","position":1,"name":"Accueil","item":"https:\/\/www.lrmm.com\/fr\/"},{"@type":"ListItem","position":2,"name":"\u00c9quipe","item":"https:\/\/www.lrmm.com\/fr\/e-quipe\/"},{"@type":"ListItem","position":3,"name":"Avocat Melan\u00e7on Antoine"}]},{"@type":"WebSite","@id":"https:\/\/www.lrmm.com\/fr\/#website","url":"https:\/\/www.lrmm.com\/fr\/","name":"Lapointe Rosenstein Marchand Melan\u00e7on","description":"","potentialAction":[{"@type":"SearchAction","target":{"@type":"EntryPoint","urlTemplate":"https:\/\/www.lrmm.com\/fr\/?s={search_term_string}"},"query-input":{"@type":"PropertyValueSpecification","valueRequired":true,"valueName":"search_term_string"}}],"inLanguage":"fr-CA"}]}},"_links":{"self":[{"href":"https:\/\/www.lrmm.com\/fr\/wp-json\/wp\/v2\/equipe\/682","targetHints":{"allow":["GET"]}}],"collection":[{"href":"https:\/\/www.lrmm.com\/fr\/wp-json\/wp\/v2\/equipe"}],"about":[{"href":"https:\/\/www.lrmm.com\/fr\/wp-json\/wp\/v2\/types\/equipe"}],"author":[{"embeddable":true,"href":"https:\/\/www.lrmm.com\/fr\/wp-json\/wp\/v2\/users\/1"}],"wp:featuredmedia":[{"embeddable":true,"href":"https:\/\/www.lrmm.com\/fr\/wp-json\/wp\/v2\/media\/772"}],"wp:attachment":[{"href":"https:\/\/www.lrmm.com\/fr\/wp-json\/wp\/v2\/media?parent=682"}],"wp:term":[{"taxonomy":"equipe_cat","embeddable":true,"href":"https:\/\/www.lrmm.com\/fr\/wp-json\/wp\/v2\/equipe_cat?post=682"}],"curies":[{"name":"wp","href":"https:\/\/api.w.org\/{rel}","templated":true}]}}