{"id":668,"date":"2022-03-09T13:54:39","date_gmt":"2022-03-09T18:54:39","guid":{"rendered":"https:\/\/www.lrmm.com\/fr\/e-quipe\/avocat-grenier-julien\/"},"modified":"2022-12-21T13:42:54","modified_gmt":"2022-12-21T18:42:54","slug":"avocat-grenier-julien","status":"publish","type":"equipe","link":"https:\/\/www.lrmm.com\/fr\/e-quipe\/avocats\/avocat-grenier-julien","title":{"rendered":"Avocat Grenier Julien"},"content":{"rendered":"<p><span lang=\"FR-CA\" style=\"mso-ansi-language:FR-CA\">Julien Grenier \u00e9volue comme avocat depuis 2014 au sein de notre groupe Litiges civil et commercial. En plus d\u2019un baccalaur\u00e9at en droit \u00e0 l\u2019Universit\u00e9 McGill obtenu en 2013, il est \u00e9galement d\u00e9tenteur d\u2019un baccalaur\u00e9at en g\u00e9nie chimique \u00e0 l\u2019\u00c9cole Polytechnique de Montr\u00e9al.<br \/>\n<o_p><\/o_p><\/span><\/p>\n<p class=\"MsoNormal\"><span lang=\"FR-CA\" style=\"mso-ansi-language:FR-CA\">Reconnu pour sa rigueur, Julien est impliqu\u00e9 dans une multitude de dossiers englobant un large \u00e9ventail de champs de pratique, dont le droit bancaire, de la construction, du travail, de la faillite et de l\u2019insolvabilit\u00e9, et de la copropri\u00e9t\u00e9. Il est fr\u00e9quemment appel\u00e9 \u00e0 plaider devant diverses instances juridiques. Ses talents de plaideur ont par ailleurs \u00e9t\u00e9 r\u00e9compens\u00e9s \u00e0 maintes reprises dans le cadre de concours d\u2019art oratoire.<br \/>\n<o_p><\/o_p><\/span><\/p>\n<p class=\"MsoNormal\"><span lang=\"FR-CA\" style=\"mso-ansi-language:FR-CA\">Auteur de nombreuses publications, conf\u00e9rencier invit\u00e9 \u00e0 plusieurs reprises, mentor pour les jeunes qui d\u00e9butent dans la profession, Julien est un mod\u00e8le pour ses pairs. \u00c0 titre de membre du comit\u00e9 de recrutement du cabinet et de ma\u00eetre de stage, il prend activement part au d\u00e9veloppement de la future g\u00e9n\u00e9ration de juristes.<\/span><\/p>\n","protected":false},"author":1,"featured_media":785,"menu_order":0,"template":"","meta":{"_acf_changed":false},"equipe_cat":[20],"class_list":["post-668","equipe","type-equipe","status-publish","has-post-thumbnail","hentry","equipe_cat-avocats"],"acf":[],"yoast_head":"<!-- This site is optimized with the Yoast SEO plugin v26.9 - https:\/\/yoast.com\/product\/yoast-seo-wordpress\/ -->\n<title>Avocat Grenier Julien - Lapointe Rosenstein Marchand Melan\u00e7on<\/title>\n<meta name=\"robots\" content=\"index, follow, max-snippet:-1, max-image-preview:large, max-video-preview:-1\" \/>\n<link rel=\"canonical\" href=\"https:\/\/www.lrmm.com\/fr\/e-quipe\/avocats\/avocat-grenier-julien\/\" \/>\n<meta property=\"og:locale\" content=\"fr_CA\" \/>\n<meta property=\"og:type\" content=\"article\" \/>\n<meta property=\"og:title\" content=\"Avocat Grenier Julien - Lapointe Rosenstein Marchand Melan\u00e7on\" \/>\n<meta property=\"og:description\" content=\"Julien Grenier \u00e9volue comme avocat depuis 2014 au sein de notre groupe Litiges civil et commercial. En plus d\u2019un baccalaur\u00e9at en droit \u00e0 l\u2019Universit\u00e9 McGill obtenu en 2013, il est \u00e9galement d\u00e9tenteur d\u2019un baccalaur\u00e9at en g\u00e9nie chimique \u00e0 l\u2019\u00c9cole Polytechnique de Montr\u00e9al. Reconnu pour sa rigueur, Julien est impliqu\u00e9 dans une multitude de dossiers englobant [&hellip;]\" \/>\n<meta property=\"og:url\" content=\"https:\/\/www.lrmm.com\/fr\/e-quipe\/avocats\/avocat-grenier-julien\" \/>\n<meta property=\"og:site_name\" content=\"Lapointe Rosenstein Marchand Melan\u00e7on\" \/>\n<meta property=\"article:modified_time\" content=\"2022-12-21T18:42:54+00:00\" \/>\n<meta property=\"og:image\" content=\"https:\/\/www.lrmm.com\/wp-content\/uploads\/2022\/03\/imageResourcejsessionid713E7EE65684842E8FDCA898F7401EF2navId638partId20livetrueculturefr-CAimageType0imageNameGrenier__Julien_4509rc__web.jpg\" \/>\n\t<meta property=\"og:image:width\" content=\"157\" \/>\n\t<meta property=\"og:image:height\" content=\"157\" \/>\n\t<meta property=\"og:image:type\" content=\"image\/jpeg\" \/>\n<meta name=\"twitter:card\" content=\"summary_large_image\" \/>\n<meta name=\"twitter:label1\" content=\"Estimation du temps de lecture\" \/>\n\t<meta name=\"twitter:data1\" content=\"1 minute\" \/>\n<script type=\"application\/ld+json\" class=\"yoast-schema-graph\">{\"@context\":\"https:\/\/schema.org\",\"@graph\":[{\"@type\":\"WebPage\",\"@id\":\"https:\/\/www.lrmm.com\/fr\/e-quipe\/avocats\/avocat-grenier-julien\",\"url\":\"https:\/\/www.lrmm.com\/fr\/e-quipe\/avocats\/avocat-grenier-julien\",\"name\":\"Avocat Grenier Julien - Lapointe Rosenstein Marchand Melan\u00e7on\",\"isPartOf\":{\"@id\":\"https:\/\/www.lrmm.com\/fr\/#website\"},\"primaryImageOfPage\":{\"@id\":\"https:\/\/www.lrmm.com\/fr\/e-quipe\/avocats\/avocat-grenier-julien#primaryimage\"},\"image\":{\"@id\":\"https:\/\/www.lrmm.com\/fr\/e-quipe\/avocats\/avocat-grenier-julien#primaryimage\"},\"thumbnailUrl\":\"https:\/\/www.lrmm.com\/wp-content\/uploads\/2022\/03\/imageResourcejsessionid713E7EE65684842E8FDCA898F7401EF2navId638partId20livetrueculturefr-CAimageType0imageNameGrenier__Julien_4509rc__web.jpg\",\"datePublished\":\"2022-03-09T18:54:39+00:00\",\"dateModified\":\"2022-12-21T18:42:54+00:00\",\"breadcrumb\":{\"@id\":\"https:\/\/www.lrmm.com\/fr\/e-quipe\/avocats\/avocat-grenier-julien#breadcrumb\"},\"inLanguage\":\"fr-CA\",\"potentialAction\":[{\"@type\":\"ReadAction\",\"target\":[\"https:\/\/www.lrmm.com\/fr\/e-quipe\/avocats\/avocat-grenier-julien\"]}]},{\"@type\":\"ImageObject\",\"inLanguage\":\"fr-CA\",\"@id\":\"https:\/\/www.lrmm.com\/fr\/e-quipe\/avocats\/avocat-grenier-julien#primaryimage\",\"url\":\"https:\/\/www.lrmm.com\/wp-content\/uploads\/2022\/03\/imageResourcejsessionid713E7EE65684842E8FDCA898F7401EF2navId638partId20livetrueculturefr-CAimageType0imageNameGrenier__Julien_4509rc__web.jpg\",\"contentUrl\":\"https:\/\/www.lrmm.com\/wp-content\/uploads\/2022\/03\/imageResourcejsessionid713E7EE65684842E8FDCA898F7401EF2navId638partId20livetrueculturefr-CAimageType0imageNameGrenier__Julien_4509rc__web.jpg\",\"width\":157,\"height\":157},{\"@type\":\"BreadcrumbList\",\"@id\":\"https:\/\/www.lrmm.com\/fr\/e-quipe\/avocats\/avocat-grenier-julien#breadcrumb\",\"itemListElement\":[{\"@type\":\"ListItem\",\"position\":1,\"name\":\"Accueil\",\"item\":\"https:\/\/www.lrmm.com\/fr\/\"},{\"@type\":\"ListItem\",\"position\":2,\"name\":\"\u00c9quipe\",\"item\":\"https:\/\/www.lrmm.com\/fr\/e-quipe\/\"},{\"@type\":\"ListItem\",\"position\":3,\"name\":\"Avocat Grenier Julien\"}]},{\"@type\":\"WebSite\",\"@id\":\"https:\/\/www.lrmm.com\/fr\/#website\",\"url\":\"https:\/\/www.lrmm.com\/fr\/\",\"name\":\"Lapointe Rosenstein Marchand Melan\u00e7on\",\"description\":\"\",\"potentialAction\":[{\"@type\":\"SearchAction\",\"target\":{\"@type\":\"EntryPoint\",\"urlTemplate\":\"https:\/\/www.lrmm.com\/fr\/?s={search_term_string}\"},\"query-input\":{\"@type\":\"PropertyValueSpecification\",\"valueRequired\":true,\"valueName\":\"search_term_string\"}}],\"inLanguage\":\"fr-CA\"}]}<\/script>\n<!-- \/ Yoast SEO plugin. -->","yoast_head_json":{"title":"Avocat Grenier Julien - Lapointe Rosenstein Marchand Melan\u00e7on","robots":{"index":"index","follow":"follow","max-snippet":"max-snippet:-1","max-image-preview":"max-image-preview:large","max-video-preview":"max-video-preview:-1"},"canonical":"https:\/\/www.lrmm.com\/fr\/e-quipe\/avocats\/avocat-grenier-julien\/","og_locale":"fr_CA","og_type":"article","og_title":"Avocat Grenier Julien - Lapointe Rosenstein Marchand Melan\u00e7on","og_description":"Julien Grenier \u00e9volue comme avocat depuis 2014 au sein de notre groupe Litiges civil et commercial. En plus d\u2019un baccalaur\u00e9at en droit \u00e0 l\u2019Universit\u00e9 McGill obtenu en 2013, il est \u00e9galement d\u00e9tenteur d\u2019un baccalaur\u00e9at en g\u00e9nie chimique \u00e0 l\u2019\u00c9cole Polytechnique de Montr\u00e9al. Reconnu pour sa rigueur, Julien est impliqu\u00e9 dans une multitude de dossiers englobant [&hellip;]","og_url":"https:\/\/www.lrmm.com\/fr\/e-quipe\/avocats\/avocat-grenier-julien","og_site_name":"Lapointe Rosenstein Marchand Melan\u00e7on","article_modified_time":"2022-12-21T18:42:54+00:00","og_image":[{"width":157,"height":157,"url":"https:\/\/www.lrmm.com\/wp-content\/uploads\/2022\/03\/imageResourcejsessionid713E7EE65684842E8FDCA898F7401EF2navId638partId20livetrueculturefr-CAimageType0imageNameGrenier__Julien_4509rc__web.jpg","type":"image\/jpeg"}],"twitter_card":"summary_large_image","twitter_misc":{"Estimation du temps de lecture":"1 minute"},"schema":{"@context":"https:\/\/schema.org","@graph":[{"@type":"WebPage","@id":"https:\/\/www.lrmm.com\/fr\/e-quipe\/avocats\/avocat-grenier-julien","url":"https:\/\/www.lrmm.com\/fr\/e-quipe\/avocats\/avocat-grenier-julien","name":"Avocat Grenier Julien - Lapointe Rosenstein Marchand Melan\u00e7on","isPartOf":{"@id":"https:\/\/www.lrmm.com\/fr\/#website"},"primaryImageOfPage":{"@id":"https:\/\/www.lrmm.com\/fr\/e-quipe\/avocats\/avocat-grenier-julien#primaryimage"},"image":{"@id":"https:\/\/www.lrmm.com\/fr\/e-quipe\/avocats\/avocat-grenier-julien#primaryimage"},"thumbnailUrl":"https:\/\/www.lrmm.com\/wp-content\/uploads\/2022\/03\/imageResourcejsessionid713E7EE65684842E8FDCA898F7401EF2navId638partId20livetrueculturefr-CAimageType0imageNameGrenier__Julien_4509rc__web.jpg","datePublished":"2022-03-09T18:54:39+00:00","dateModified":"2022-12-21T18:42:54+00:00","breadcrumb":{"@id":"https:\/\/www.lrmm.com\/fr\/e-quipe\/avocats\/avocat-grenier-julien#breadcrumb"},"inLanguage":"fr-CA","potentialAction":[{"@type":"ReadAction","target":["https:\/\/www.lrmm.com\/fr\/e-quipe\/avocats\/avocat-grenier-julien"]}]},{"@type":"ImageObject","inLanguage":"fr-CA","@id":"https:\/\/www.lrmm.com\/fr\/e-quipe\/avocats\/avocat-grenier-julien#primaryimage","url":"https:\/\/www.lrmm.com\/wp-content\/uploads\/2022\/03\/imageResourcejsessionid713E7EE65684842E8FDCA898F7401EF2navId638partId20livetrueculturefr-CAimageType0imageNameGrenier__Julien_4509rc__web.jpg","contentUrl":"https:\/\/www.lrmm.com\/wp-content\/uploads\/2022\/03\/imageResourcejsessionid713E7EE65684842E8FDCA898F7401EF2navId638partId20livetrueculturefr-CAimageType0imageNameGrenier__Julien_4509rc__web.jpg","width":157,"height":157},{"@type":"BreadcrumbList","@id":"https:\/\/www.lrmm.com\/fr\/e-quipe\/avocats\/avocat-grenier-julien#breadcrumb","itemListElement":[{"@type":"ListItem","position":1,"name":"Accueil","item":"https:\/\/www.lrmm.com\/fr\/"},{"@type":"ListItem","position":2,"name":"\u00c9quipe","item":"https:\/\/www.lrmm.com\/fr\/e-quipe\/"},{"@type":"ListItem","position":3,"name":"Avocat Grenier Julien"}]},{"@type":"WebSite","@id":"https:\/\/www.lrmm.com\/fr\/#website","url":"https:\/\/www.lrmm.com\/fr\/","name":"Lapointe Rosenstein Marchand Melan\u00e7on","description":"","potentialAction":[{"@type":"SearchAction","target":{"@type":"EntryPoint","urlTemplate":"https:\/\/www.lrmm.com\/fr\/?s={search_term_string}"},"query-input":{"@type":"PropertyValueSpecification","valueRequired":true,"valueName":"search_term_string"}}],"inLanguage":"fr-CA"}]}},"_links":{"self":[{"href":"https:\/\/www.lrmm.com\/fr\/wp-json\/wp\/v2\/equipe\/668","targetHints":{"allow":["GET"]}}],"collection":[{"href":"https:\/\/www.lrmm.com\/fr\/wp-json\/wp\/v2\/equipe"}],"about":[{"href":"https:\/\/www.lrmm.com\/fr\/wp-json\/wp\/v2\/types\/equipe"}],"author":[{"embeddable":true,"href":"https:\/\/www.lrmm.com\/fr\/wp-json\/wp\/v2\/users\/1"}],"wp:featuredmedia":[{"embeddable":true,"href":"https:\/\/www.lrmm.com\/fr\/wp-json\/wp\/v2\/media\/785"}],"wp:attachment":[{"href":"https:\/\/www.lrmm.com\/fr\/wp-json\/wp\/v2\/media?parent=668"}],"wp:term":[{"taxonomy":"equipe_cat","embeddable":true,"href":"https:\/\/www.lrmm.com\/fr\/wp-json\/wp\/v2\/equipe_cat?post=668"}],"curies":[{"name":"wp","href":"https:\/\/api.w.org\/{rel}","templated":true}]}}