{"id":6184,"date":"2025-05-07T16:29:10","date_gmt":"2025-05-07T20:29:10","guid":{"rendered":"https:\/\/www.lrmm.com\/fr\/e-quipe\/"},"modified":"2025-06-23T15:52:19","modified_gmt":"2025-06-23T19:52:19","slug":"anne-frederique-gariepy","status":"publish","type":"equipe","link":"https:\/\/www.lrmm.com\/fr\/e-quipe\/parajuristes\/anne-frederique-gariepy","title":{"rendered":"Anne-Fr\u00e9d\u00e9rique Gari\u00e9py"},"content":{"rendered":"\n<p>Anne-Fr\u00e9d\u00e9rique, parajuriste depuis 2025, fait partie du d\u00e9partement du service aux entreprises chez LRMM depuis mai 2021. <\/p>\n\n\n\n<p>Elle d\u00e9veloppe son expertise en droit corporatif et assiste les avocats dans la v\u00e9rification des livres de proc\u00e8s-verbaux et la pr\u00e9paration des documents requis pour diverses op\u00e9rations, telles que la constitution, l\u2019organisation, l\u2019immatriculation, la fusion d\u2019entreprises et autres. <\/p>\n\n\n\n<p>Elle veille \u00e9galement au respect des exigences r\u00e9glementaires en pr\u00e9parant et en soumettant les mises \u00e0 jour et d\u00e9clarations requises aupr\u00e8s du Registraire des entreprises du Qu\u00e9bec et de Corporations Canada.<\/p>\n","protected":false},"author":3,"featured_media":6239,"menu_order":0,"template":"","meta":{"_acf_changed":true},"equipe_cat":[23],"class_list":["post-6184","equipe","type-equipe","status-publish","has-post-thumbnail","hentry","equipe_cat-parajuristes"],"acf":[],"yoast_head":"<!-- This site is optimized with the Yoast SEO plugin v26.9 - https:\/\/yoast.com\/product\/yoast-seo-wordpress\/ -->\n<title>Anne-Fr\u00e9d\u00e9rique Gari\u00e9py - Lapointe Rosenstein Marchand Melan\u00e7on<\/title>\n<meta name=\"robots\" content=\"index, follow, max-snippet:-1, max-image-preview:large, max-video-preview:-1\" \/>\n<link rel=\"canonical\" href=\"https:\/\/www.lrmm.com\/fr\/e-quipe\/parajuristes\/anne-frederique-gariepy\/\" \/>\n<meta property=\"og:locale\" content=\"fr_CA\" \/>\n<meta property=\"og:type\" content=\"article\" \/>\n<meta property=\"og:title\" content=\"Anne-Fr\u00e9d\u00e9rique Gari\u00e9py - Lapointe Rosenstein Marchand Melan\u00e7on\" \/>\n<meta property=\"og:description\" content=\"Anne-Fr\u00e9d\u00e9rique, parajuriste depuis 2025, fait partie du d\u00e9partement du service aux entreprises chez LRMM depuis mai 2021. Elle d\u00e9veloppe son expertise en droit corporatif et assiste les avocats dans la v\u00e9rification des livres de proc\u00e8s-verbaux et la pr\u00e9paration des documents requis pour diverses op\u00e9rations, telles que la constitution, l\u2019organisation, l\u2019immatriculation, la fusion d\u2019entreprises et autres. [&hellip;]\" \/>\n<meta property=\"og:url\" content=\"https:\/\/www.lrmm.com\/fr\/e-quipe\/parajuristes\/anne-frederique-gariepy\" \/>\n<meta property=\"og:site_name\" content=\"Lapointe Rosenstein Marchand Melan\u00e7on\" \/>\n<meta property=\"article:modified_time\" content=\"2025-06-23T19:52:19+00:00\" \/>\n<meta property=\"og:image\" content=\"https:\/\/www.lrmm.com\/wp-content\/uploads\/2025\/06\/1-scaled-e1750708244732.jpg\" \/>\n\t<meta property=\"og:image:width\" content=\"167\" \/>\n\t<meta property=\"og:image:height\" content=\"163\" \/>\n\t<meta property=\"og:image:type\" content=\"image\/jpeg\" \/>\n<meta name=\"twitter:card\" content=\"summary_large_image\" \/>\n<meta name=\"twitter:label1\" content=\"Estimation du temps de lecture\" \/>\n\t<meta name=\"twitter:data1\" content=\"1 minute\" \/>\n<script type=\"application\/ld+json\" class=\"yoast-schema-graph\">{\"@context\":\"https:\/\/schema.org\",\"@graph\":[{\"@type\":\"WebPage\",\"@id\":\"https:\/\/www.lrmm.com\/fr\/e-quipe\/parajuristes\/anne-frederique-gariepy\",\"url\":\"https:\/\/www.lrmm.com\/fr\/e-quipe\/parajuristes\/anne-frederique-gariepy\",\"name\":\"Anne-Fr\u00e9d\u00e9rique Gari\u00e9py - Lapointe Rosenstein Marchand Melan\u00e7on\",\"isPartOf\":{\"@id\":\"https:\/\/www.lrmm.com\/fr\/#website\"},\"primaryImageOfPage\":{\"@id\":\"https:\/\/www.lrmm.com\/fr\/e-quipe\/parajuristes\/anne-frederique-gariepy#primaryimage\"},\"image\":{\"@id\":\"https:\/\/www.lrmm.com\/fr\/e-quipe\/parajuristes\/anne-frederique-gariepy#primaryimage\"},\"thumbnailUrl\":\"https:\/\/www.lrmm.com\/wp-content\/uploads\/2025\/06\/1-scaled-e1750708244732.jpg\",\"datePublished\":\"2025-05-07T20:29:10+00:00\",\"dateModified\":\"2025-06-23T19:52:19+00:00\",\"breadcrumb\":{\"@id\":\"https:\/\/www.lrmm.com\/fr\/e-quipe\/parajuristes\/anne-frederique-gariepy#breadcrumb\"},\"inLanguage\":\"fr-CA\",\"potentialAction\":[{\"@type\":\"ReadAction\",\"target\":[\"https:\/\/www.lrmm.com\/fr\/e-quipe\/parajuristes\/anne-frederique-gariepy\"]}]},{\"@type\":\"ImageObject\",\"inLanguage\":\"fr-CA\",\"@id\":\"https:\/\/www.lrmm.com\/fr\/e-quipe\/parajuristes\/anne-frederique-gariepy#primaryimage\",\"url\":\"https:\/\/www.lrmm.com\/wp-content\/uploads\/2025\/06\/1-scaled-e1750708244732.jpg\",\"contentUrl\":\"https:\/\/www.lrmm.com\/wp-content\/uploads\/2025\/06\/1-scaled-e1750708244732.jpg\",\"width\":167,\"height\":163},{\"@type\":\"BreadcrumbList\",\"@id\":\"https:\/\/www.lrmm.com\/fr\/e-quipe\/parajuristes\/anne-frederique-gariepy#breadcrumb\",\"itemListElement\":[{\"@type\":\"ListItem\",\"position\":1,\"name\":\"Accueil\",\"item\":\"https:\/\/www.lrmm.com\/fr\/\"},{\"@type\":\"ListItem\",\"position\":2,\"name\":\"\u00c9quipe\",\"item\":\"https:\/\/www.lrmm.com\/fr\/e-quipe\/\"},{\"@type\":\"ListItem\",\"position\":3,\"name\":\"Anne-Fr\u00e9d\u00e9rique Gari\u00e9py\"}]},{\"@type\":\"WebSite\",\"@id\":\"https:\/\/www.lrmm.com\/fr\/#website\",\"url\":\"https:\/\/www.lrmm.com\/fr\/\",\"name\":\"Lapointe Rosenstein Marchand Melan\u00e7on\",\"description\":\"\",\"potentialAction\":[{\"@type\":\"SearchAction\",\"target\":{\"@type\":\"EntryPoint\",\"urlTemplate\":\"https:\/\/www.lrmm.com\/fr\/?s={search_term_string}\"},\"query-input\":{\"@type\":\"PropertyValueSpecification\",\"valueRequired\":true,\"valueName\":\"search_term_string\"}}],\"inLanguage\":\"fr-CA\"}]}<\/script>\n<!-- \/ Yoast SEO plugin. -->","yoast_head_json":{"title":"Anne-Fr\u00e9d\u00e9rique Gari\u00e9py - Lapointe Rosenstein Marchand Melan\u00e7on","robots":{"index":"index","follow":"follow","max-snippet":"max-snippet:-1","max-image-preview":"max-image-preview:large","max-video-preview":"max-video-preview:-1"},"canonical":"https:\/\/www.lrmm.com\/fr\/e-quipe\/parajuristes\/anne-frederique-gariepy\/","og_locale":"fr_CA","og_type":"article","og_title":"Anne-Fr\u00e9d\u00e9rique Gari\u00e9py - Lapointe Rosenstein Marchand Melan\u00e7on","og_description":"Anne-Fr\u00e9d\u00e9rique, parajuriste depuis 2025, fait partie du d\u00e9partement du service aux entreprises chez LRMM depuis mai 2021. Elle d\u00e9veloppe son expertise en droit corporatif et assiste les avocats dans la v\u00e9rification des livres de proc\u00e8s-verbaux et la pr\u00e9paration des documents requis pour diverses op\u00e9rations, telles que la constitution, l\u2019organisation, l\u2019immatriculation, la fusion d\u2019entreprises et autres. [&hellip;]","og_url":"https:\/\/www.lrmm.com\/fr\/e-quipe\/parajuristes\/anne-frederique-gariepy","og_site_name":"Lapointe Rosenstein Marchand Melan\u00e7on","article_modified_time":"2025-06-23T19:52:19+00:00","og_image":[{"width":167,"height":163,"url":"https:\/\/www.lrmm.com\/wp-content\/uploads\/2025\/06\/1-scaled-e1750708244732.jpg","type":"image\/jpeg"}],"twitter_card":"summary_large_image","twitter_misc":{"Estimation du temps de lecture":"1 minute"},"schema":{"@context":"https:\/\/schema.org","@graph":[{"@type":"WebPage","@id":"https:\/\/www.lrmm.com\/fr\/e-quipe\/parajuristes\/anne-frederique-gariepy","url":"https:\/\/www.lrmm.com\/fr\/e-quipe\/parajuristes\/anne-frederique-gariepy","name":"Anne-Fr\u00e9d\u00e9rique Gari\u00e9py - Lapointe Rosenstein Marchand Melan\u00e7on","isPartOf":{"@id":"https:\/\/www.lrmm.com\/fr\/#website"},"primaryImageOfPage":{"@id":"https:\/\/www.lrmm.com\/fr\/e-quipe\/parajuristes\/anne-frederique-gariepy#primaryimage"},"image":{"@id":"https:\/\/www.lrmm.com\/fr\/e-quipe\/parajuristes\/anne-frederique-gariepy#primaryimage"},"thumbnailUrl":"https:\/\/www.lrmm.com\/wp-content\/uploads\/2025\/06\/1-scaled-e1750708244732.jpg","datePublished":"2025-05-07T20:29:10+00:00","dateModified":"2025-06-23T19:52:19+00:00","breadcrumb":{"@id":"https:\/\/www.lrmm.com\/fr\/e-quipe\/parajuristes\/anne-frederique-gariepy#breadcrumb"},"inLanguage":"fr-CA","potentialAction":[{"@type":"ReadAction","target":["https:\/\/www.lrmm.com\/fr\/e-quipe\/parajuristes\/anne-frederique-gariepy"]}]},{"@type":"ImageObject","inLanguage":"fr-CA","@id":"https:\/\/www.lrmm.com\/fr\/e-quipe\/parajuristes\/anne-frederique-gariepy#primaryimage","url":"https:\/\/www.lrmm.com\/wp-content\/uploads\/2025\/06\/1-scaled-e1750708244732.jpg","contentUrl":"https:\/\/www.lrmm.com\/wp-content\/uploads\/2025\/06\/1-scaled-e1750708244732.jpg","width":167,"height":163},{"@type":"BreadcrumbList","@id":"https:\/\/www.lrmm.com\/fr\/e-quipe\/parajuristes\/anne-frederique-gariepy#breadcrumb","itemListElement":[{"@type":"ListItem","position":1,"name":"Accueil","item":"https:\/\/www.lrmm.com\/fr\/"},{"@type":"ListItem","position":2,"name":"\u00c9quipe","item":"https:\/\/www.lrmm.com\/fr\/e-quipe\/"},{"@type":"ListItem","position":3,"name":"Anne-Fr\u00e9d\u00e9rique Gari\u00e9py"}]},{"@type":"WebSite","@id":"https:\/\/www.lrmm.com\/fr\/#website","url":"https:\/\/www.lrmm.com\/fr\/","name":"Lapointe Rosenstein Marchand Melan\u00e7on","description":"","potentialAction":[{"@type":"SearchAction","target":{"@type":"EntryPoint","urlTemplate":"https:\/\/www.lrmm.com\/fr\/?s={search_term_string}"},"query-input":{"@type":"PropertyValueSpecification","valueRequired":true,"valueName":"search_term_string"}}],"inLanguage":"fr-CA"}]}},"_links":{"self":[{"href":"https:\/\/www.lrmm.com\/fr\/wp-json\/wp\/v2\/equipe\/6184","targetHints":{"allow":["GET"]}}],"collection":[{"href":"https:\/\/www.lrmm.com\/fr\/wp-json\/wp\/v2\/equipe"}],"about":[{"href":"https:\/\/www.lrmm.com\/fr\/wp-json\/wp\/v2\/types\/equipe"}],"author":[{"embeddable":true,"href":"https:\/\/www.lrmm.com\/fr\/wp-json\/wp\/v2\/users\/3"}],"wp:featuredmedia":[{"embeddable":true,"href":"https:\/\/www.lrmm.com\/fr\/wp-json\/wp\/v2\/media\/6239"}],"wp:attachment":[{"href":"https:\/\/www.lrmm.com\/fr\/wp-json\/wp\/v2\/media?parent=6184"}],"wp:term":[{"taxonomy":"equipe_cat","embeddable":true,"href":"https:\/\/www.lrmm.com\/fr\/wp-json\/wp\/v2\/equipe_cat?post=6184"}],"curies":[{"name":"wp","href":"https:\/\/api.w.org\/{rel}","templated":true}]}}