{"id":3925,"date":"2022-05-20T10:23:57","date_gmt":"2022-05-20T14:23:57","guid":{"rendered":"https:\/\/www.lrmm.com\/fr\/e-quipe\/"},"modified":"2024-10-17T10:20:35","modified_gmt":"2024-10-17T14:20:35","slug":"avocat-beauchemin-marc","status":"publish","type":"equipe","link":"https:\/\/www.lrmm.com\/fr\/e-quipe\/avocats\/avocat-beauchemin-marc","title":{"rendered":"Avocat Beauchemin Marc"},"content":{"rendered":"\n<p>Marc Beauchemin est avocat du cabinet et membre du groupe Droit commercial. Il exerce dans les domaines du droit des soci\u00e9t\u00e9s, du droit commercial, du droit des institutions financi\u00e8res et dans celui de la distribution de produits et services financiers, particuli\u00e8rement dans le contexte de fusions et acquisitions et de contrats commerciaux.<\/p>\n\n\n\n<p>Plus particuli\u00e8rement, Marc a particip\u00e9 \u00e0 plusieurs transactions d\u2019achat et de vente d\u2019entreprise dans le secteur financier, \u00e0 l\u2019\u00e9laboration de produits financiers innovateurs et \u00e0 la mise sur pied d\u2019alliances strat\u00e9giques et de partenariats commerciaux pour la distribution de produits financiers. Il a repr\u00e9sent\u00e9 plusieurs institutions financi\u00e8res aupr\u00e8s des autorit\u00e9s gouvernementales lorsque des approbations r\u00e9glementaires \u00e9taient requises ou lorsque de nouveaux projets de lois ou r\u00e8glements les r\u00e9gissant ou s\u2019appliquant \u00e0 la distribution de leurs produits ont \u00e9t\u00e9 propos\u00e9s. Il a notamment mis en \u0153uvre plusieurs projets de loi d\u2019int\u00e9r\u00eat priv\u00e9 adopt\u00e9s par les l\u00e9gislateurs.<\/p>\n\n\n\n<p>Son exp\u00e9rience plus g\u00e9n\u00e9rale en droit des soci\u00e9t\u00e9s et en droit commercial lui a permis de bien conna\u00eetre les domaines de pratique connexes correspondant aux nombreux besoins commerciaux de ses clients, tels que la gouvernance d\u2019entreprise, les fusions, acquisitions et r\u00e9organisations commerciales priv\u00e9es, les r\u00e8gles du droit de la concurrence et les coentreprises.<\/p>\n\n\n\n<p>Enfin, durant les ann\u00e9es o\u00f9 il a pratiqu\u00e9 au sein de la Chambre de la s\u00e9curit\u00e9 financi\u00e8re (CSF), il a pu d\u00e9velopper des connaissances dans de nouveaux champs de pratique, soit le droit disciplinaire, dans le cadre de son r\u00f4le de Secr\u00e9taire du comit\u00e9 de discipline, et le droit de la protection des renseignements, en tant que responsable de l\u2019acc\u00e8s \u00e0 l\u2019information pour la CSF.<\/p>\n\n\n\n<p><strong>Mandats repr\u00e9sentatifs<\/strong><\/p>\n\n\n\n<ul class=\"wp-block-list\">\n<li>Repr\u00e9sentation de la CSF aupr\u00e8s du l\u00e9gislateur et des diverses instances gouvernementales dans le cadre du projet de loi 141 sur la r\u00e9forme des lois qu\u00e9b\u00e9coises r\u00e9gissant les march\u00e9s financiers.<\/li>\n\n\n\n<li>Secr\u00e9taire du comit\u00e9 de discipline de la CSF, responsable de l\u2019acc\u00e8s aux documents et de la protection des renseignements personnels pour la CSF et repr\u00e9sentant de la CSF aux diff\u00e9rentes rencontres des membres du groupe des Organismes canadiens de r\u00e9glementation en assurance.<\/li>\n\n\n\n<li>Transformation de La Survivance, compagnie mutuelle d\u2019assurance vie (maintenant Humania) en une mutuelle de gestion et en une compagnie d\u2019assurance \u00e0 capital-actions.<\/li>\n\n\n\n<li>Conclusion par Groupe Promutuel d\u2019un partenariat d\u2019affaires avec Desjardins impliquant l\u2019acquisition des portefeuilles de produits d\u2019\u00e9pargne et de pr\u00eats de Promutuel Capital, soci\u00e9t\u00e9 de fiducie inc.<\/li>\n\n\n\n<li>Acquisition par la Banque Nationale du Canada du portefeuille de pr\u00eats hypoth\u00e9caires de la Banque Canadian Tire en Ontario, en Alberta et en Colombie-Britannique.<\/li>\n\n\n\n<li>Acquisition par Cabinet d\u2019assurance Banque Nationale inc. de Services Collectifs Assuraction inc., un cabinet sp\u00e9cialis\u00e9 en assurance collective.<\/li>\n\n\n\n<li>Vente par Banque Nationale du Canada de sa filiale de Nassau, Bahamas \u00e0 Cr\u00e9dit Agricole (Suisse) SA.<\/li>\n\n\n\n<li>Conclusion par Gestion de portefeuille Natcan Inc. d\u2019une convention de sous-gestion avec Gestion de portefeuille Selexia Inc. pour la gestion de ses portefeuilles d\u2019actions canadiennes grande capitalisation.<\/li>\n\n\n\n<li>Acquisition et vente subs\u00e9quente par Banque Nationale du Canada de sa participation dans Alter Moneta, une entreprise sp\u00e9cialis\u00e9e dans le cr\u00e9dit-bail et le financement d\u2019\u00e9quipement commercial.<\/li>\n\n\n\n<li>Vente par Trust Banque Nationale de ses services de gestion de l\u2019actionnariat \u00e0 Soci\u00e9t\u00e9 de fiducie Computershare du Canada.<\/li>\n\n\n\n<li>Conclusion par BNC d\u2019une importante entente de distribution de produits et services bancaires de Banque Nationale du Canada par les repr\u00e9sentants de Groupe Investors Inc., Great-West et London Life.<\/li>\n\n\n\n<li>Vente par Banque Nationale du Canada de son portefeuille marchand de carte de cr\u00e9dit en faveur de Global Payments, une importante entreprise de services de carte de paiement et de traitement d\u2019op\u00e9rations \u00e9lectroniques.<\/li>\n\n\n\n<li>Acquisition par Desjardins de Fiducie Canadienne Italienne et sa conversion en coop\u00e9rative.<\/li>\n\n\n\n<li>Coentreprise entre Banque Nationale du Canada et Intac pour la vente directe d\u2019assurance de dommages.<\/li>\n\n\n\n<li>Organisation juridique de la structure de distribution de l\u2019assurance de personnes du groupe Banque Nationale du Canada.<\/li>\n<\/ul>\n","protected":false},"author":3,"featured_media":3922,"menu_order":0,"template":"","meta":{"_acf_changed":true},"equipe_cat":[20],"class_list":["post-3925","equipe","type-equipe","status-publish","has-post-thumbnail","hentry","equipe_cat-avocats"],"acf":[],"yoast_head":"<!-- This site is optimized with the Yoast SEO plugin v26.9 - https:\/\/yoast.com\/product\/yoast-seo-wordpress\/ -->\n<title>Avocat Beauchemin Marc - Lapointe Rosenstein Marchand Melan\u00e7on<\/title>\n<meta name=\"robots\" content=\"index, follow, max-snippet:-1, max-image-preview:large, max-video-preview:-1\" \/>\n<link rel=\"canonical\" href=\"https:\/\/www.lrmm.com\/fr\/e-quipe\/avocats\/avocat-beauchemin-marc\/\" \/>\n<meta property=\"og:locale\" content=\"fr_CA\" \/>\n<meta property=\"og:type\" content=\"article\" \/>\n<meta property=\"og:title\" content=\"Avocat Beauchemin Marc - Lapointe Rosenstein Marchand Melan\u00e7on\" \/>\n<meta property=\"og:description\" content=\"Marc Beauchemin est avocat du cabinet et membre du groupe Droit commercial. Il exerce dans les domaines du droit des soci\u00e9t\u00e9s, du droit commercial, du droit des institutions financi\u00e8res et dans celui de la distribution de produits et services financiers, particuli\u00e8rement dans le contexte de fusions et acquisitions et de contrats commerciaux. Plus particuli\u00e8rement, Marc [&hellip;]\" \/>\n<meta property=\"og:url\" content=\"https:\/\/www.lrmm.com\/fr\/e-quipe\/avocats\/avocat-beauchemin-marc\" \/>\n<meta property=\"og:site_name\" content=\"Lapointe Rosenstein Marchand Melan\u00e7on\" \/>\n<meta property=\"article:modified_time\" content=\"2024-10-17T14:20:35+00:00\" \/>\n<meta property=\"og:image\" content=\"https:\/\/www.lrmm.com\/wp-content\/uploads\/2022\/05\/YKP_5984rlq-5x7-1-e1652992472269.jpg\" \/>\n\t<meta property=\"og:image:width\" content=\"1500\" \/>\n\t<meta property=\"og:image:height\" content=\"1748\" \/>\n\t<meta property=\"og:image:type\" content=\"image\/jpeg\" \/>\n<meta name=\"twitter:card\" content=\"summary_large_image\" \/>\n<meta name=\"twitter:label1\" content=\"Estimation du temps de lecture\" \/>\n\t<meta name=\"twitter:data1\" content=\"4 minutes\" \/>\n<script type=\"application\/ld+json\" class=\"yoast-schema-graph\">{\"@context\":\"https:\/\/schema.org\",\"@graph\":[{\"@type\":[\"WebPage\",\"ProfilePage\"],\"@id\":\"https:\/\/www.lrmm.com\/fr\/e-quipe\/avocats\/avocat-beauchemin-marc\",\"url\":\"https:\/\/www.lrmm.com\/fr\/e-quipe\/avocats\/avocat-beauchemin-marc\",\"name\":\"Avocat Beauchemin Marc - Lapointe Rosenstein Marchand Melan\u00e7on\",\"isPartOf\":{\"@id\":\"https:\/\/www.lrmm.com\/fr\/#website\"},\"primaryImageOfPage\":{\"@id\":\"https:\/\/www.lrmm.com\/fr\/e-quipe\/avocats\/avocat-beauchemin-marc#primaryimage\"},\"image\":{\"@id\":\"https:\/\/www.lrmm.com\/fr\/e-quipe\/avocats\/avocat-beauchemin-marc#primaryimage\"},\"thumbnailUrl\":\"https:\/\/www.lrmm.com\/wp-content\/uploads\/2022\/05\/YKP_5984rlq-5x7-1-e1652992472269.jpg\",\"datePublished\":\"2022-05-20T14:23:57+00:00\",\"dateModified\":\"2024-10-17T14:20:35+00:00\",\"breadcrumb\":{\"@id\":\"https:\/\/www.lrmm.com\/fr\/e-quipe\/avocats\/avocat-beauchemin-marc#breadcrumb\"},\"inLanguage\":\"fr-CA\",\"potentialAction\":[{\"@type\":\"ReadAction\",\"target\":[\"https:\/\/www.lrmm.com\/fr\/e-quipe\/avocats\/avocat-beauchemin-marc\"]}]},{\"@type\":\"ImageObject\",\"inLanguage\":\"fr-CA\",\"@id\":\"https:\/\/www.lrmm.com\/fr\/e-quipe\/avocats\/avocat-beauchemin-marc#primaryimage\",\"url\":\"https:\/\/www.lrmm.com\/wp-content\/uploads\/2022\/05\/YKP_5984rlq-5x7-1-e1652992472269.jpg\",\"contentUrl\":\"https:\/\/www.lrmm.com\/wp-content\/uploads\/2022\/05\/YKP_5984rlq-5x7-1-e1652992472269.jpg\",\"width\":1500,\"height\":1748},{\"@type\":\"BreadcrumbList\",\"@id\":\"https:\/\/www.lrmm.com\/fr\/e-quipe\/avocats\/avocat-beauchemin-marc#breadcrumb\",\"itemListElement\":[{\"@type\":\"ListItem\",\"position\":1,\"name\":\"Accueil\",\"item\":\"https:\/\/www.lrmm.com\/fr\/\"},{\"@type\":\"ListItem\",\"position\":2,\"name\":\"\u00c9quipe\",\"item\":\"https:\/\/www.lrmm.com\/fr\/e-quipe\/\"},{\"@type\":\"ListItem\",\"position\":3,\"name\":\"Avocat Beauchemin Marc\"}]},{\"@type\":\"WebSite\",\"@id\":\"https:\/\/www.lrmm.com\/fr\/#website\",\"url\":\"https:\/\/www.lrmm.com\/fr\/\",\"name\":\"Lapointe Rosenstein Marchand Melan\u00e7on\",\"description\":\"\",\"potentialAction\":[{\"@type\":\"SearchAction\",\"target\":{\"@type\":\"EntryPoint\",\"urlTemplate\":\"https:\/\/www.lrmm.com\/fr\/?s={search_term_string}\"},\"query-input\":{\"@type\":\"PropertyValueSpecification\",\"valueRequired\":true,\"valueName\":\"search_term_string\"}}],\"inLanguage\":\"fr-CA\"}]}<\/script>\n<!-- \/ Yoast SEO plugin. -->","yoast_head_json":{"title":"Avocat Beauchemin Marc - Lapointe Rosenstein Marchand Melan\u00e7on","robots":{"index":"index","follow":"follow","max-snippet":"max-snippet:-1","max-image-preview":"max-image-preview:large","max-video-preview":"max-video-preview:-1"},"canonical":"https:\/\/www.lrmm.com\/fr\/e-quipe\/avocats\/avocat-beauchemin-marc\/","og_locale":"fr_CA","og_type":"article","og_title":"Avocat Beauchemin Marc - Lapointe Rosenstein Marchand Melan\u00e7on","og_description":"Marc Beauchemin est avocat du cabinet et membre du groupe Droit commercial. Il exerce dans les domaines du droit des soci\u00e9t\u00e9s, du droit commercial, du droit des institutions financi\u00e8res et dans celui de la distribution de produits et services financiers, particuli\u00e8rement dans le contexte de fusions et acquisitions et de contrats commerciaux. Plus particuli\u00e8rement, Marc [&hellip;]","og_url":"https:\/\/www.lrmm.com\/fr\/e-quipe\/avocats\/avocat-beauchemin-marc","og_site_name":"Lapointe Rosenstein Marchand Melan\u00e7on","article_modified_time":"2024-10-17T14:20:35+00:00","og_image":[{"width":1500,"height":1748,"url":"https:\/\/www.lrmm.com\/wp-content\/uploads\/2022\/05\/YKP_5984rlq-5x7-1-e1652992472269.jpg","type":"image\/jpeg"}],"twitter_card":"summary_large_image","twitter_misc":{"Estimation du temps de lecture":"4 minutes"},"schema":{"@context":"https:\/\/schema.org","@graph":[{"@type":["WebPage","ProfilePage"],"@id":"https:\/\/www.lrmm.com\/fr\/e-quipe\/avocats\/avocat-beauchemin-marc","url":"https:\/\/www.lrmm.com\/fr\/e-quipe\/avocats\/avocat-beauchemin-marc","name":"Avocat Beauchemin Marc - Lapointe Rosenstein Marchand Melan\u00e7on","isPartOf":{"@id":"https:\/\/www.lrmm.com\/fr\/#website"},"primaryImageOfPage":{"@id":"https:\/\/www.lrmm.com\/fr\/e-quipe\/avocats\/avocat-beauchemin-marc#primaryimage"},"image":{"@id":"https:\/\/www.lrmm.com\/fr\/e-quipe\/avocats\/avocat-beauchemin-marc#primaryimage"},"thumbnailUrl":"https:\/\/www.lrmm.com\/wp-content\/uploads\/2022\/05\/YKP_5984rlq-5x7-1-e1652992472269.jpg","datePublished":"2022-05-20T14:23:57+00:00","dateModified":"2024-10-17T14:20:35+00:00","breadcrumb":{"@id":"https:\/\/www.lrmm.com\/fr\/e-quipe\/avocats\/avocat-beauchemin-marc#breadcrumb"},"inLanguage":"fr-CA","potentialAction":[{"@type":"ReadAction","target":["https:\/\/www.lrmm.com\/fr\/e-quipe\/avocats\/avocat-beauchemin-marc"]}]},{"@type":"ImageObject","inLanguage":"fr-CA","@id":"https:\/\/www.lrmm.com\/fr\/e-quipe\/avocats\/avocat-beauchemin-marc#primaryimage","url":"https:\/\/www.lrmm.com\/wp-content\/uploads\/2022\/05\/YKP_5984rlq-5x7-1-e1652992472269.jpg","contentUrl":"https:\/\/www.lrmm.com\/wp-content\/uploads\/2022\/05\/YKP_5984rlq-5x7-1-e1652992472269.jpg","width":1500,"height":1748},{"@type":"BreadcrumbList","@id":"https:\/\/www.lrmm.com\/fr\/e-quipe\/avocats\/avocat-beauchemin-marc#breadcrumb","itemListElement":[{"@type":"ListItem","position":1,"name":"Accueil","item":"https:\/\/www.lrmm.com\/fr\/"},{"@type":"ListItem","position":2,"name":"\u00c9quipe","item":"https:\/\/www.lrmm.com\/fr\/e-quipe\/"},{"@type":"ListItem","position":3,"name":"Avocat Beauchemin Marc"}]},{"@type":"WebSite","@id":"https:\/\/www.lrmm.com\/fr\/#website","url":"https:\/\/www.lrmm.com\/fr\/","name":"Lapointe Rosenstein Marchand Melan\u00e7on","description":"","potentialAction":[{"@type":"SearchAction","target":{"@type":"EntryPoint","urlTemplate":"https:\/\/www.lrmm.com\/fr\/?s={search_term_string}"},"query-input":{"@type":"PropertyValueSpecification","valueRequired":true,"valueName":"search_term_string"}}],"inLanguage":"fr-CA"}]}},"_links":{"self":[{"href":"https:\/\/www.lrmm.com\/fr\/wp-json\/wp\/v2\/equipe\/3925","targetHints":{"allow":["GET"]}}],"collection":[{"href":"https:\/\/www.lrmm.com\/fr\/wp-json\/wp\/v2\/equipe"}],"about":[{"href":"https:\/\/www.lrmm.com\/fr\/wp-json\/wp\/v2\/types\/equipe"}],"author":[{"embeddable":true,"href":"https:\/\/www.lrmm.com\/fr\/wp-json\/wp\/v2\/users\/3"}],"wp:featuredmedia":[{"embeddable":true,"href":"https:\/\/www.lrmm.com\/fr\/wp-json\/wp\/v2\/media\/3922"}],"wp:attachment":[{"href":"https:\/\/www.lrmm.com\/fr\/wp-json\/wp\/v2\/media?parent=3925"}],"wp:term":[{"taxonomy":"equipe_cat","embeddable":true,"href":"https:\/\/www.lrmm.com\/fr\/wp-json\/wp\/v2\/equipe_cat?post=3925"}],"curies":[{"name":"wp","href":"https:\/\/api.w.org\/{rel}","templated":true}]}}