{"version":"1.0","provider_name":"Lapointe Rosenstein Marchand Melan\u00e7on","provider_url":"https:\/\/www.lrmm.com\/fr\/","title":"Avocat Dorais Jean-Fran\u00e7ois - Lapointe Rosenstein Marchand Melan\u00e7on","type":"rich","width":600,"height":338,"html":"<blockquote class=\"wp-embedded-content\" data-secret=\"pmcEMoXZKq\"><a href=\"https:\/\/www.lrmm.com\/fr\/e-quipe\/avocats\/avocat-dorais-jean-franc-ois\">Avocat Dorais Jean-Fran\u00e7ois<\/a><\/blockquote><iframe sandbox=\"allow-scripts\" security=\"restricted\" src=\"https:\/\/www.lrmm.com\/fr\/e-quipe\/avocats\/avocat-dorais-jean-franc-ois\/embed\/#?secret=pmcEMoXZKq\" width=\"600\" height=\"338\" title=\"&laquo; Avocat Dorais Jean-Fran\u00e7ois &raquo; &#8212; Lapointe Rosenstein Marchand Melan\u00e7on\" data-secret=\"pmcEMoXZKq\" frameborder=\"0\" marginwidth=\"0\" marginheight=\"0\" scrolling=\"no\" class=\"wp-embedded-content\"><\/iframe><script type=\"text\/javascript\">\n\/* <![CDATA[ *\/\n\/*! This file is auto-generated *\/\n!function(d,l){\"use strict\";l.querySelector&&d.addEventListener&&\"undefined\"!=typeof URL&&(d.wp=d.wp||{},d.wp.receiveEmbedMessage||(d.wp.receiveEmbedMessage=function(e){var t=e.data;if((t||t.secret||t.message||t.value)&&!\/[^a-zA-Z0-9]\/.test(t.secret)){for(var s,r,n,a=l.querySelectorAll('iframe[data-secret=\"'+t.secret+'\"]'),o=l.querySelectorAll('blockquote[data-secret=\"'+t.secret+'\"]'),c=new RegExp(\"^https?:$\",\"i\"),i=0;i<o.length;i++)o[i].style.display=\"none\";for(i=0;i<a.length;i++)s=a[i],e.source===s.contentWindow&&(s.removeAttribute(\"style\"),\"height\"===t.message?(1e3<(r=parseInt(t.value,10))?r=1e3:~~r<200&&(r=200),s.height=r):\"link\"===t.message&&(r=new URL(s.getAttribute(\"src\")),n=new URL(t.value),c.test(n.protocol))&&n.host===r.host&&l.activeElement===s&&(d.top.location.href=t.value))}},d.addEventListener(\"message\",d.wp.receiveEmbedMessage,!1),l.addEventListener(\"DOMContentLoaded\",function(){for(var e,t,s=l.querySelectorAll(\"iframe.wp-embedded-content\"),r=0;r<s.length;r++)(t=(e=s[r]).getAttribute(\"data-secret\"))||(t=Math.random().toString(36).substring(2,12),e.src+=\"#?secret=\"+t,e.setAttribute(\"data-secret\",t)),e.contentWindow.postMessage({message:\"ready\",secret:t},\"*\")},!1)))}(window,document);\n\/\/# sourceURL=https:\/\/www.lrmm.com\/wp-includes\/js\/wp-embed.min.js\n\/* ]]> *\/\n<\/script>\n","thumbnail_url":"https:\/\/www.lrmm.com\/wp-content\/uploads\/2022\/03\/imageResourcejsessionidA8C190E3AE4319D7B5EECF90B81F2638navId123partId20livetrueculturefr-CAimageType0imageNameDorais__Jean_Francois_2245_Web.jpg","thumbnail_width":157,"thumbnail_height":157,"description":"Jean-Fran\u00e7ois Dorais est responsable du groupe Fiscalit\u00e9 depuis 2013. Associ\u00e9 depuis 2011, il est \u00e9galement membre du comit\u00e9 de direction du cabinet depuis 2017. Il repr\u00e9sente sa client\u00e8le dans des litiges et des r\u00e9solutions de diff\u00e9rends impliquant les autorit\u00e9s fiscales f\u00e9d\u00e9rales et provinciales. Son expertise porte notamment sur l\u2019imp\u00f4t sur le revenu et les taxes, [&hellip;]"}