{"version":"1.0","provider_name":"Lapointe Rosenstein Marchand Melan\u00e7on","provider_url":"https:\/\/www.lrmm.com\/fr\/","title":"Michel Durand - Conf\u00e9rence APFF - Lapointe Rosenstein Marchand Melan\u00e7on","type":"rich","width":600,"height":338,"html":"<blockquote class=\"wp-embedded-content\" data-secret=\"Ub0OHopw03\"><a href=\"https:\/\/www.lrmm.com\/fr\/actualite-s\/confe-rences\/2018\/michel-durand-conference-apff\/\">Michel Durand &#8211; Conf\u00e9rence APFF<\/a><\/blockquote><iframe sandbox=\"allow-scripts\" security=\"restricted\" src=\"https:\/\/www.lrmm.com\/fr\/actualite-s\/confe-rences\/2018\/michel-durand-conference-apff\/embed\/#?secret=Ub0OHopw03\" width=\"600\" height=\"338\" title=\"&laquo; Michel Durand &#8211; Conf\u00e9rence APFF &raquo; &#8212; Lapointe Rosenstein Marchand Melan\u00e7on\" data-secret=\"Ub0OHopw03\" frameborder=\"0\" marginwidth=\"0\" marginheight=\"0\" scrolling=\"no\" class=\"wp-embedded-content\"><\/iframe><script type=\"text\/javascript\">\n\/* <![CDATA[ *\/\n\/*! This file is auto-generated *\/\n!function(d,l){\"use strict\";l.querySelector&&d.addEventListener&&\"undefined\"!=typeof URL&&(d.wp=d.wp||{},d.wp.receiveEmbedMessage||(d.wp.receiveEmbedMessage=function(e){var t=e.data;if((t||t.secret||t.message||t.value)&&!\/[^a-zA-Z0-9]\/.test(t.secret)){for(var s,r,n,a=l.querySelectorAll('iframe[data-secret=\"'+t.secret+'\"]'),o=l.querySelectorAll('blockquote[data-secret=\"'+t.secret+'\"]'),c=new RegExp(\"^https?:$\",\"i\"),i=0;i<o.length;i++)o[i].style.display=\"none\";for(i=0;i<a.length;i++)s=a[i],e.source===s.contentWindow&&(s.removeAttribute(\"style\"),\"height\"===t.message?(1e3<(r=parseInt(t.value,10))?r=1e3:~~r<200&&(r=200),s.height=r):\"link\"===t.message&&(r=new URL(s.getAttribute(\"src\")),n=new URL(t.value),c.test(n.protocol))&&n.host===r.host&&l.activeElement===s&&(d.top.location.href=t.value))}},d.addEventListener(\"message\",d.wp.receiveEmbedMessage,!1),l.addEventListener(\"DOMContentLoaded\",function(){for(var e,t,s=l.querySelectorAll(\"iframe.wp-embedded-content\"),r=0;r<s.length;r++)(t=(e=s[r]).getAttribute(\"data-secret\"))||(t=Math.random().toString(36).substring(2,12),e.src+=\"#?secret=\"+t,e.setAttribute(\"data-secret\",t)),e.contentWindow.postMessage({message:\"ready\",secret:t},\"*\")},!1)))}(window,document);\n\/\/# sourceURL=https:\/\/www.lrmm.com\/wp-includes\/js\/wp-embed.min.js\n\/* ]]> *\/\n<\/script>\n","description":"Michel Durand\u00a0sera conf\u00e9rencier lors du prochain colloque de l\u2019Association de planification fiscale et financi\u00e8re, qui se tiendra le 8\u00a0f\u00e9vrier prochain \u00e0 l\u2019h\u00f4tel Bonaventure Montr\u00e9al, et qui portera sur les fiducies. Lors de sa conf\u00e9rence intitul\u00e9e \u00ab\u00a0La planification post-mortem : quand le droit fiscal rencontre le droit civil\u00a0\u00bb, il discutera avec Michel Beauchamp, notaire, de certaines [&hellip;]"}